{"id":24264,"date":"2023-12-18T11:12:38","date_gmt":"2023-12-18T11:12:38","guid":{"rendered":"https:\/\/bralo.com\/nuestra-historia\/"},"modified":"2024-11-11T19:00:57","modified_gmt":"2024-11-11T19:00:57","slug":"unsere-geschichte","status":"publish","type":"page","link":"https:\/\/dev.bralo.com\/de\/firma\/unsere-geschichte\/","title":{"rendered":"Unsere Geschichte"},"content":{"rendered":"<p>[et_pb_section fb_built=&#8221;1&#8243; custom_padding_last_edited=&#8221;on|desktop&#8221; admin_label=&#8221;Secci\u00f3n&#8221; _builder_version=&#8221;4.21.0&#8243; _module_preset=&#8221;default&#8221; background_color=&#8221;RGBA(0,108,167,0.5)&#8221; use_background_color_gradient=&#8221;on&#8221; background_color_gradient_repeat=&#8221;on&#8221; background_color_gradient_stops=&#8221;rgba(0,108,167,0.5) 0%|rgba(0,108,167,0.7) 0%&#8221; background_color_gradient_overlays_image=&#8221;on&#8221; background_image=&#8221;https:\/\/dev.bralo.com\/wp-content\/uploads\/2023\/06\/antigua-fabrica-remaches-bralo.jpg&#8221; min_height=&#8221;300px&#8221; max_height=&#8221;301px&#8221; custom_margin=&#8221;0px||0px||true|false&#8221; custom_padding=&#8221;0px||0px||true|false&#8221; custom_padding_tablet=&#8221;&#8221; custom_padding_phone=&#8221;|0px||0px|false|false&#8221; da_disable_devices=&#8221;off|off|off&#8221; locked=&#8221;off&#8221; global_colors_info=&#8221;{}&#8221; da_is_popup=&#8221;off&#8221; da_exit_intent=&#8221;off&#8221; da_has_close=&#8221;on&#8221; da_alt_close=&#8221;off&#8221; da_dark_close=&#8221;off&#8221; da_not_modal=&#8221;on&#8221; da_is_singular=&#8221;off&#8221; da_with_loader=&#8221;off&#8221; da_has_shadow=&#8221;on&#8221;][et_pb_row custom_padding_last_edited=&#8221;on|phone&#8221; _builder_version=&#8221;4.21.0&#8243; _module_preset=&#8221;default&#8221; custom_margin=&#8221;0px||0px||true|false&#8221; custom_padding=&#8221;0px|8%|0px|8%|true|true&#8221; custom_padding_tablet=&#8221;70px|8%|70px|8%|true|true&#8221; custom_padding_phone=&#8221;70px|0%|70px|0%|true|true&#8221; global_colors_info=&#8221;{}&#8221;][et_pb_column type=&#8221;4_4&#8243; _builder_version=&#8221;4.20.4&#8243; _module_preset=&#8221;default&#8221; global_colors_info=&#8221;{}&#8221;][et_pb_text _builder_version=&#8221;4.21.0&#8243; _module_preset=&#8221;default&#8221; text_font=&#8221;|300|||||||&#8221; text_text_color=&#8221;#FFFFFF&#8221; text_line_height=&#8221;1.5em&#8221; header_text_color=&#8221;#FFFFFF&#8221; header_font_size=&#8221;45px&#8221; header_line_height=&#8221;2.2em&#8221; text_orientation=&#8221;center&#8221; custom_margin=&#8221;80px||0px||false|false&#8221; custom_padding=&#8221;0px||0px||true|false&#8221; text_line_height_tablet=&#8221;1.5em&#8221; text_line_height_phone=&#8221;1em&#8221; text_line_height_last_edited=&#8221;on|phone&#8221; global_colors_info=&#8221;{}&#8221;]<\/p>\n<h1><span style=\"font-weight: 400;\">GESCHICHTE<\/span><\/h1>\n<p>[\/et_pb_text][\/et_pb_column][\/et_pb_row][\/et_pb_section][et_pb_section fb_built=&#8221;1&#8243; custom_padding_last_edited=&#8221;on|phone&#8221; admin_label=&#8221;Section&#8221; _builder_version=&#8221;4.23&#8243; _module_preset=&#8221;default&#8221; custom_padding_tablet=&#8221;&#8221; custom_padding_phone=&#8221;|15px||15px|false|false&#8221; da_disable_devices=&#8221;off|off|off&#8221; global_colors_info=&#8221;{}&#8221; da_is_popup=&#8221;off&#8221; da_exit_intent=&#8221;off&#8221; da_has_close=&#8221;on&#8221; da_alt_close=&#8221;off&#8221; da_dark_close=&#8221;off&#8221; da_not_modal=&#8221;on&#8221; da_is_singular=&#8221;off&#8221; da_with_loader=&#8221;off&#8221; da_has_shadow=&#8221;on&#8221;][et_pb_row column_structure=&#8221;1_2,1_2&#8243; make_equal=&#8221;on&#8221; custom_padding_last_edited=&#8221;on|phone&#8221; admin_label=&#8221;1979&#8243; module_class=&#8221;borde-movil&#8221; _builder_version=&#8221;4.23&#8243; _module_preset=&#8221;default&#8221; width=&#8221;90%&#8221; max_width=&#8221;90%&#8221; max_height_tablet=&#8221;&#8221; max_height_phone=&#8221;&#8221; max_height_last_edited=&#8221;on|phone&#8221; custom_padding=&#8221;||0px||false|false&#8221; custom_padding_tablet=&#8221;||0px||false|false&#8221; custom_padding_phone=&#8221;15px||0px||false|false&#8221; global_colors_info=&#8221;{}&#8221;][et_pb_column type=&#8221;1_2&#8243; module_class=&#8221;coloca-fundacion margen-columnas-izq&#8221; _builder_version=&#8221;4.23&#8243; _module_preset=&#8221;default&#8221; custom_padding=&#8221;||0px||false|false&#8221; border_color_right=&#8221;#006CA7&#8243; global_colors_info=&#8221;{}&#8221;][et_pb_text _builder_version=&#8221;4.27.2&#8243; _module_preset=&#8221;default&#8221; text_orientation=&#8221;right&#8221; max_width=&#8221;65%&#8221; max_width_tablet=&#8221;65%&#8221; max_width_phone=&#8221;80%&#8221; max_width_last_edited=&#8221;on|phone&#8221; custom_padding_tablet=&#8221;&#8221; custom_padding_phone=&#8221;||20px||false|false&#8221; custom_padding_last_edited=&#8221;on|phone&#8221; module_alignment_tablet=&#8221;&#8221; module_alignment_phone=&#8221;right&#8221; module_alignment_last_edited=&#8221;on|phone&#8221; global_colors_info=&#8221;{}&#8221;]<\/p>\n<h2 class=\"estilosH-2\"><em>FUNDAMENT<\/em><\/h2>\n<p>Basilio L\u00f3pez Bravo, Pr\u00e4sident und Gr\u00fcnder der BRALO Group, begann seine berufliche Laufbahn mit der Vermarktung von Nieten und Nietmaschinen.[\/et_pb_text][et_pb_image src=&#8221;https:\/\/dev.bralo.com\/wp-content\/uploads\/2023\/06\/basilio-fuenla.jpg&#8221; alt=&#8221;basilio fuenla&#8221; title_text=&#8221;basilio-fuenla&#8221; align=&#8221;center&#8221; align_tablet=&#8221;center&#8221; align_phone=&#8221;right&#8221; align_last_edited=&#8221;on|phone&#8221; _builder_version=&#8221;4.23&#8243; _module_preset=&#8221;default&#8221; max_width=&#8221;25%&#8221; max_width_tablet=&#8221;25%&#8221; max_width_phone=&#8221;60%&#8221; max_width_last_edited=&#8221;on|phone&#8221; custom_margin=&#8221;||||false|false&#8221; custom_padding=&#8221;||||false|false&#8221; global_colors_info=&#8221;{}&#8221;][\/et_pb_image][\/et_pb_column][et_pb_column type=&#8221;1_2&#8243; module_class=&#8221;quita-margen-entre-columnas margen-columnas-der quita-espacio-blanco-fecha&#8221; _builder_version=&#8221;4.23&#8243; _module_preset=&#8221;default&#8221; custom_padding=&#8221;||0px||false|false&#8221; border_color_left=&#8221;#006CA7&#8243; global_colors_info=&#8221;{}&#8221;][et_pb_image src=&#8221;https:\/\/dev.bralo.com\/wp-content\/uploads\/2023\/06\/fachada-bralo-fuenla1-byn-scaled.jpg&#8221; alt=&#8221;fachada bralo fuenla&#8221; title_text=&#8221;fachada-bralo-fuenla1-byn&#8221; disabled_on=&#8221;on|off|off&#8221; _builder_version=&#8221;4.23&#8243; _module_preset=&#8221;default&#8221; max_width=&#8221;100%&#8221; global_colors_info=&#8221;{}&#8221;][\/et_pb_image][et_pb_text admin_label=&#8221;1979&#8243; module_class=&#8221;fecha&#8221; _builder_version=&#8221;4.23&#8243; _module_preset=&#8221;default&#8221; text_text_color=&#8221;#FFFFFF&#8221; text_font_size=&#8221;21px&#8221; text_line_height=&#8221;2.4em&#8221; background_color=&#8221;#006CA7&#8243; positioning=&#8221;relative&#8221; vertical_offset=&#8221;-84%&#8221; horizontal_offset=&#8221;-57%&#8221; z_index=&#8221;10&#8243; vertical_offset_tablet=&#8221;-75%&#8221; vertical_offset_phone=&#8221;-530px&#8221; vertical_offset_last_edited=&#8221;on|desktop&#8221; text_orientation=&#8221;center&#8221; max_width=&#8221;70px&#8221; module_alignment=&#8221;center&#8221; height=&#8221;70px&#8221; custom_padding=&#8221;10px|10px|10px|10px|true|true&#8221; border_radii=&#8221;on|50%|50%|50%|50%&#8221; global_colors_info=&#8221;{}&#8221;]<\/p>\n<p>1979<\/p>\n<p>[\/et_pb_text][\/et_pb_column][\/et_pb_row][et_pb_row column_structure=&#8221;1_2,1_2&#8243; make_equal=&#8221;on&#8221; admin_label=&#8221;1980&#8243; module_class=&#8221;borde-movil&#8221; _builder_version=&#8221;4.23&#8243; _module_preset=&#8221;default&#8221; width=&#8221;90%&#8221; max_width=&#8221;90%&#8221; module_alignment=&#8221;center&#8221; max_height_tablet=&#8221;&#8221; max_height_phone=&#8221;&#8221; max_height_last_edited=&#8221;on|phone&#8221; custom_padding=&#8221;0px||0px||true|false&#8221; global_colors_info=&#8221;{}&#8221;][et_pb_column type=&#8221;1_2&#8243; module_class=&#8221;margen-columnas-izq&#8221; _builder_version=&#8221;4.23&#8243; _module_preset=&#8221;default&#8221; custom_padding=&#8221;20px||20px||true|false&#8221; border_color_right=&#8221;#006CA7&#8243; global_colors_info=&#8221;{}&#8221;][et_pb_text _builder_version=&#8221;4.27.2&#8243; _module_preset=&#8221;default&#8221; text_orientation=&#8221;right&#8221; max_width_tablet=&#8221;&#8221; max_width_phone=&#8221;80%&#8221; max_width_last_edited=&#8221;on|phone&#8221; module_alignment_tablet=&#8221;&#8221; module_alignment_phone=&#8221;right&#8221; module_alignment_last_edited=&#8221;on|phone&#8221; global_colors_info=&#8221;{}&#8221;]<\/p>\n<h2 class=\"estilosH-2\"><em>EXPANSION<\/em><\/h2>\n<p>BRALO hat seinen Expansionsprozess auf nationaler Ebene vorangetrieben. Konsolidierung der T\u00e4tigkeit des Unternehmens als Marktf\u00fchrer. [\/et_pb_text][\/et_pb_column][et_pb_column type=&#8221;1_2&#8243; module_class=&#8221;margen-columnas-der quita-espacio-blanco-fecha&#8221; _builder_version=&#8221;4.23&#8243; _module_preset=&#8221;default&#8221; custom_padding=&#8221;20px||20px||true|false&#8221; custom_padding_tablet=&#8221;20px||20px||true|false&#8221; custom_padding_phone=&#8221;0px||0px||true|false&#8221; custom_padding_last_edited=&#8221;on|phone&#8221; global_colors_info=&#8221;{}&#8221;][et_pb_text admin_label=&#8221;1980&#8243; module_class=&#8221;fecha&#8221; _builder_version=&#8221;4.23&#8243; _module_preset=&#8221;default&#8221; text_text_color=&#8221;#FFFFFF&#8221; text_font_size=&#8221;21px&#8221; text_line_height=&#8221;2.4em&#8221; background_color=&#8221;#006CA7&#8243; positioning=&#8221;relative&#8221; vertical_offset=&#8221;-20px&#8221; horizontal_offset=&#8221;-57%&#8221; z_index=&#8221;10&#8243; vertical_offset_tablet=&#8221;-20px&#8221; vertical_offset_phone=&#8221;-250px&#8221; vertical_offset_last_edited=&#8221;on|desktop&#8221; text_orientation=&#8221;center&#8221; max_width=&#8221;70px&#8221; module_alignment=&#8221;center&#8221; height=&#8221;70px&#8221; custom_padding=&#8221;10px|10px|10px|10px|true|true&#8221; border_radii=&#8221;on|50%|50%|50%|50%&#8221; global_colors_info=&#8221;{}&#8221;]<\/p>\n<p>1980<\/p>\n<p>[\/et_pb_text][\/et_pb_column][\/et_pb_row][et_pb_row column_structure=&#8221;1_2,1_2&#8243; make_equal=&#8221;on&#8221; admin_label=&#8221;1985&#8243; module_class=&#8221;borde-movil&#8221; _builder_version=&#8221;4.23&#8243; _module_preset=&#8221;default&#8221; width=&#8221;90%&#8221; max_width=&#8221;90%&#8221; max_height_tablet=&#8221;&#8221; max_height_phone=&#8221;400px&#8221; max_height_last_edited=&#8221;on|phone&#8221; custom_padding=&#8221;0px||0px||true|false&#8221; module_alignment_last_edited=&#8221;off|desktop&#8221; global_colors_info=&#8221;{}&#8221;][et_pb_column type=&#8221;1_2&#8243; module_class=&#8221;margen-columnas-izq&#8221; _builder_version=&#8221;4.23&#8243; _module_preset=&#8221;default&#8221; custom_padding=&#8221;20px||20px||true|false&#8221; custom_padding_tablet=&#8221;20px||20px||true|false&#8221; custom_padding_phone=&#8221;20px||0px||false|false&#8221; custom_padding_last_edited=&#8221;on|phone&#8221; border_color_right=&#8221;#006CA7&#8243; global_colors_info=&#8221;{}&#8221;][et_pb_text _builder_version=&#8221;4.27.2&#8243; _module_preset=&#8221;default&#8221; text_orientation=&#8221;right&#8221; module_alignment_tablet=&#8221;&#8221; module_alignment_phone=&#8221;right&#8221; module_alignment_last_edited=&#8221;on|phone&#8221; global_colors_info=&#8221;{}&#8221;]<\/p>\n<h2 class=\"estilosH-2\"><em>INTERNATIONALISIERUNG<\/em><\/h2>\n<p>[\/et_pb_text][et_pb_text _builder_version=&#8221;4.27.2&#8243; _module_preset=&#8221;default&#8221; text_orientation=&#8221;right&#8221; max_width_tablet=&#8221;&#8221; max_width_phone=&#8221;80%&#8221; max_width_last_edited=&#8221;on|phone&#8221; module_alignment=&#8221;right&#8221; global_colors_info=&#8221;{}&#8221;]Mitte der 1980er Jahre begann die kommerzielle Expansion nach Frankreich, Portugal, Belgien, Schweden und \u00d6sterreich und leitete damit eine Phase der Internationalisierung ein. [\/et_pb_text][\/et_pb_column][et_pb_column type=&#8221;1_2&#8243; module_class=&#8221;margen-columnas-der&#8221; _builder_version=&#8221;4.23&#8243; _module_preset=&#8221;default&#8221; custom_padding=&#8221;20px||20px||true|false&#8221; global_colors_info=&#8221;{}&#8221;][et_pb_text _builder_version=&#8221;4.27.2&#8243; _module_preset=&#8221;default&#8221; max_width_tablet=&#8221;&#8221; max_width_phone=&#8221;80%&#8221; max_width_last_edited=&#8221;on|phone&#8221; custom_padding_tablet=&#8221;&#8221; custom_padding_phone=&#8221;||0px||false|false&#8221; custom_padding_last_edited=&#8221;on|phone&#8221; text_orientation_tablet=&#8221;&#8221; text_orientation_phone=&#8221;right&#8221; text_orientation_last_edited=&#8221;on|phone&#8221; module_alignment_tablet=&#8221;&#8221; module_alignment_phone=&#8221;right&#8221; module_alignment_last_edited=&#8221;on|phone&#8221; global_colors_info=&#8221;{}&#8221;]<span>In diesem Jahrzehnt wuchs das Unternehmen schrittweise, bis es \u00fcber ein eigenes Produktionszentrum in Fuenlabrada, in der Region Madrid, verf\u00fcgte. <\/span>[\/et_pb_text][et_pb_text admin_label=&#8221;1985&#8243; module_class=&#8221;fecha&#8221; _builder_version=&#8221;4.23&#8243; _module_preset=&#8221;default&#8221; text_text_color=&#8221;#FFFFFF&#8221; text_font_size=&#8221;21px&#8221; text_line_height=&#8221;2.4em&#8221; background_color=&#8221;#006CA7&#8243; positioning=&#8221;relative&#8221; vertical_offset=&#8221;-61%&#8221; horizontal_offset=&#8221;-57%&#8221; z_index=&#8221;10&#8243; vertical_offset_tablet=&#8221;-20%&#8221; vertical_offset_phone=&#8221;-430px&#8221; vertical_offset_last_edited=&#8221;on|desktop&#8221; text_orientation=&#8221;center&#8221; max_width=&#8221;70px&#8221; module_alignment=&#8221;center&#8221; height=&#8221;70px&#8221; custom_padding=&#8221;10px|10px|10px|10px|true|true&#8221; border_radii=&#8221;on|50%|50%|50%|50%&#8221; global_colors_info=&#8221;{}&#8221;]<\/p>\n<p>1985<\/p>\n<p>[\/et_pb_text][\/et_pb_column][\/et_pb_row][et_pb_row column_structure=&#8221;1_2,1_2&#8243; make_equal=&#8221;on&#8221; custom_padding_last_edited=&#8221;on|phone&#8221; admin_label=&#8221;1992&#8243; module_class=&#8221;borde-movil&#8221; _builder_version=&#8221;4.23&#8243; _module_preset=&#8221;default&#8221; width=&#8221;90%&#8221; max_width=&#8221;90%&#8221; module_alignment=&#8221;center&#8221; custom_padding=&#8221;0px||0px||false|false&#8221; custom_padding_tablet=&#8221;0px||0px||false|false&#8221; custom_padding_phone=&#8221;||50px||false|false&#8221; global_colors_info=&#8221;{}&#8221;][et_pb_column type=&#8221;1_2&#8243; _builder_version=&#8221;4.23&#8243; _module_preset=&#8221;default&#8221; custom_padding=&#8221;20px||20px||true|false&#8221; border_color_right=&#8221;#006CA7&#8243; global_colors_info=&#8221;{}&#8221;][et_pb_text admin_label=&#8221;1992&#8243; module_class=&#8221;fecha&#8221; _builder_version=&#8221;4.23&#8243; _module_preset=&#8221;default&#8221; text_text_color=&#8221;#FFFFFF&#8221; text_font_size=&#8221;21px&#8221; text_line_height=&#8221;2.4em&#8221; background_color=&#8221;#006CA7&#8243; positioning=&#8221;relative&#8221; vertical_offset=&#8221;0%&#8221; horizontal_offset=&#8221;50.2%&#8221; z_index=&#8221;10&#8243; vertical_offset_tablet=&#8221;-20%&#8221; vertical_offset_phone=&#8221;50px&#8221; vertical_offset_last_edited=&#8221;on|phone&#8221; horizontal_offset_tablet=&#8221;50.5%&#8221; horizontal_offset_phone=&#8221;50.5%&#8221; horizontal_offset_last_edited=&#8221;on|desktop&#8221; text_orientation=&#8221;center&#8221; max_width=&#8221;70px&#8221; module_alignment=&#8221;center&#8221; height=&#8221;70px&#8221; custom_padding=&#8221;10px|10px|10px|10px|true|true&#8221; border_radii=&#8221;on|50%|50%|50%|50%&#8221; global_colors_info=&#8221;{}&#8221;]<\/p>\n<p>1992<\/p>\n<p>[\/et_pb_text][\/et_pb_column][et_pb_column type=&#8221;1_2&#8243; module_class=&#8221;coloca-frase-bandera margen-columnas-der tamano-column-20&#8243; _builder_version=&#8221;4.23&#8243; _module_preset=&#8221;default&#8221; z_index=&#8221;0&#8243; custom_padding=&#8221;20px||25px||false|false&#8221; custom_padding_tablet=&#8221;20px||25px||false|false&#8221; custom_padding_phone=&#8221;20px||25px|35px|false|false&#8221; custom_padding_last_edited=&#8221;on|phone&#8221; z_index_last_edited=&#8221;off|desktop&#8221; global_colors_info=&#8221;{}&#8221;][et_pb_text content_tablet=&#8221;<\/p>\n<h3 class=%22estilosH-3%22><em>APERTURA BRALO FRANCIA <\/em><\/h3>\n<p>&#8221; content_phone=&#8221;<\/p>\n<h3 class=%22estilosH-3%22><em>APERTURA BRALO FRANCIA<\/em><\/h3>\n<p>&#8221; content_last_edited=&#8221;on|phone&#8221; _builder_version=&#8221;4.27.2&#8243; _module_preset=&#8221;default&#8221; custom_margin_tablet=&#8221;&#8221; custom_margin_phone=&#8221;&#8221; custom_margin_last_edited=&#8221;on|phone&#8221; custom_padding=&#8221;|0px|||false|false&#8221; custom_padding_tablet=&#8221;|0px|||false|false&#8221; custom_padding_phone=&#8221;|10px|||false|false&#8221; custom_padding_last_edited=&#8221;on|phone&#8221; text_orientation_tablet=&#8221;&#8221; text_orientation_phone=&#8221;right&#8221; text_orientation_last_edited=&#8221;on|phone&#8221; global_colors_info=&#8221;{}&#8221;]<\/p>\n<h3 class=\"estilosH-3\"><em>ER\u00d6FFNUNG BRALO FRANKREICH<\/em><\/h3>\n<p>[\/et_pb_text][et_pb_image src=&#8221;https:\/\/dev.bralo.com\/wp-content\/uploads\/2023\/07\/francia.jpg&#8221; title_text=&#8221;francia&#8221; module_class=&#8221;tamano-bandera&#8221; _builder_version=&#8221;4.23&#8243; _module_preset=&#8221;default&#8221; max_width=&#8221;42px&#8221; module_alignment=&#8221;left&#8221; height=&#8221;22px&#8221; custom_padding_tablet=&#8221;&#8221; custom_padding_phone=&#8221;||||false|false&#8221; custom_padding_last_edited=&#8221;on|phone&#8221; global_colors_info=&#8221;{}&#8221;][\/et_pb_image][\/et_pb_column][\/et_pb_row][et_pb_row column_structure=&#8221;1_2,1_2&#8243; make_equal=&#8221;on&#8221; admin_label=&#8221;1995&#8243; module_class=&#8221;borde-movil&#8221; _builder_version=&#8221;4.23&#8243; _module_preset=&#8221;default&#8221; width=&#8221;90%&#8221; max_width=&#8221;90%&#8221; custom_padding=&#8221;0px||0px||false|false&#8221; global_colors_info=&#8221;{}&#8221;][et_pb_column type=&#8221;1_2&#8243; module_class=&#8221;margen-columnas-izq&#8221; _builder_version=&#8221;4.23&#8243; _module_preset=&#8221;default&#8221; custom_padding=&#8221;20px||20px||true|false&#8221; global_colors_info=&#8221;{}&#8221;][et_pb_image src=&#8221;https:\/\/dev.bralo.com\/wp-content\/uploads\/2023\/06\/fachada-pinto-color.jpg&#8221; alt=&#8221;fachada pinto color&#8221; title_text=&#8221;fachada-pinto-color&#8221; _builder_version=&#8221;4.23&#8243; _module_preset=&#8221;default&#8221; max_width_tablet=&#8221;&#8221; max_width_phone=&#8221;80%&#8221; max_width_last_edited=&#8221;on|phone&#8221; module_alignment_tablet=&#8221;&#8221; module_alignment_phone=&#8221;right&#8221; module_alignment_last_edited=&#8221;on|phone&#8221; global_colors_info=&#8221;{}&#8221;][\/et_pb_image][\/et_pb_column][et_pb_column type=&#8221;1_2&#8243; module_class=&#8221;margen-columnas-der&#8221; _builder_version=&#8221;4.23&#8243; _module_preset=&#8221;default&#8221; custom_padding=&#8221;20px||20px||true|false&#8221; global_colors_info=&#8221;{}&#8221;][et_pb_text _builder_version=&#8221;4.27.2&#8243; _module_preset=&#8221;default&#8221; max_width_tablet=&#8221;&#8221; max_width_phone=&#8221;80%&#8221; max_width_last_edited=&#8221;on|phone&#8221; min_height_last_edited=&#8221;off|phone&#8221; custom_padding=&#8221;||40px||false|false&#8221; custom_padding_tablet=&#8221;||40px||false|false&#8221; custom_padding_phone=&#8221;||40px||false|false&#8221; custom_padding_last_edited=&#8221;on|desktop&#8221; text_orientation_tablet=&#8221;&#8221; text_orientation_phone=&#8221;right&#8221; text_orientation_last_edited=&#8221;on|phone&#8221; module_alignment_tablet=&#8221;&#8221; module_alignment_phone=&#8221;right&#8221; module_alignment_last_edited=&#8221;on|desktop&#8221; global_colors_info=&#8221;{}&#8221;]<span>BRALO richtet seine zentralen Dienste in einem neuen Geb\u00e4ude s\u00fcdlich von Madrid, in Pinto, ein. Die neue 12. 000 Quadratmeter gro\u00dfe Anlage hat eine Produktionskapazit\u00e4t von 2,7 Milliarden Teilen pro Jahr. <\/span>[\/et_pb_text][et_pb_code raw_content_tablet=&#8221;&#8221; raw_content_phone=&#8221;<\/p>\n<div class=%22coloca-frase-bandera%22>\n<h3  class=%22estilosH-3%22>\n    <em>ER\u00d6FFNUNG BRALO PORTUGAL <\/em><br \/>\n  <\/h3>\n<p>  \u2002<br \/>\n  <img src=%22https:\/\/dev.bralo.com\/wp-content\/uploads\/2023\/07\/portugal.jpg%22 class=%22tamano-bandera%22><\/p>\n<\/div>\n<p>&#8221; raw_content_last_edited=&#8221;on|phone&#8221; _builder_version=&#8221;4.27.2&#8243; _module_preset=&#8221;default&#8221; custom_padding_tablet=&#8221;&#8221; custom_padding_phone=&#8221;|||35px|false|false&#8221; custom_padding_last_edited=&#8221;on|phone&#8221; text_orientation_tablet=&#8221;&#8221; text_orientation_phone=&#8221;right&#8221; text_orientation_last_edited=&#8221;on|phone&#8221; module_alignment_tablet=&#8221;&#8221; module_alignment_phone=&#8221;right&#8221; module_alignment_last_edited=&#8221;on|phone&#8221; global_colors_info=&#8221;{}&#8221;]<\/p>\n<div class=\"coloca-frase-bandera\"><!-- [et_pb_line_break_holder] -->  <\/p>\n<h3  class=\"estilosH-3\"><!-- [et_pb_line_break_holder] -->    <em>ER\u00d6FFNUNG BRALO PORTUGAL<\/em><!-- [et_pb_line_break_holder] -->  <\/h3>\n<p><!-- [et_pb_line_break_holder] -->  \u2002<!-- [et_pb_line_break_holder] -->  <img decoding=\"async\" src=\"https:\/\/dev.bralo.com\/wp-content\/uploads\/2023\/07\/portugal.jpg\" class=\"tamano-bandera\" alt=\"Portugal\"><!-- [et_pb_line_break_holder] -->  <!-- [et_pb_line_break_holder] --><\/div>\n<p>[\/et_pb_code][et_pb_text admin_label=&#8221;1995&#8243; module_class=&#8221;fecha&#8221; _builder_version=&#8221;4.23&#8243; _module_preset=&#8221;default&#8221; text_text_color=&#8221;#FFFFFF&#8221; text_font_size=&#8221;21px&#8221; text_line_height=&#8221;2.4em&#8221; background_color=&#8221;#006CA7&#8243; positioning=&#8221;relative&#8221; vertical_offset=&#8221;-30%&#8221; horizontal_offset=&#8221;-57%&#8221; z_index=&#8221;10&#8243; vertical_offset_tablet=&#8221;-20%&#8221; vertical_offset_phone=&#8221;-585px&#8221; vertical_offset_last_edited=&#8221;on|phone&#8221; text_orientation=&#8221;center&#8221; max_width=&#8221;70px&#8221; module_alignment=&#8221;center&#8221; height=&#8221;70px&#8221; custom_padding=&#8221;10px|10px|10px|10px|true|true&#8221; border_radii=&#8221;on|300px|300px|300px|300px&#8221; global_colors_info=&#8221;{}&#8221;]<\/p>\n<p>1995<\/p>\n<p>[\/et_pb_text][\/et_pb_column][\/et_pb_row][et_pb_row column_structure=&#8221;1_2,1_2&#8243; make_equal=&#8221;on&#8221; custom_padding_last_edited=&#8221;on|phone&#8221; admin_label=&#8221;1996&#8243; module_class=&#8221;borde-movil&#8221; _builder_version=&#8221;4.23&#8243; _module_preset=&#8221;default&#8221; width=&#8221;90%&#8221; max_width=&#8221;90%&#8221; max_height=&#8221;240px&#8221; custom_margin_tablet=&#8221;&#8221; custom_margin_phone=&#8221;&#8221; custom_margin_last_edited=&#8221;on|phone&#8221; custom_padding=&#8221;0px||0px||true|false&#8221; custom_padding_tablet=&#8221;0px||0px||true|false&#8221; custom_padding_phone=&#8221;0px||0px||true|false&#8221; global_colors_info=&#8221;{}&#8221;][et_pb_column type=&#8221;1_2&#8243; module_class=&#8221;margen-columnas-izq&#8221; _builder_version=&#8221;4.23&#8243; _module_preset=&#8221;default&#8221; custom_padding=&#8221;20px||20px||true|false&#8221; global_colors_info=&#8221;{}&#8221;][et_pb_text _builder_version=&#8221;4.27.2&#8243; _module_preset=&#8221;default&#8221; text_orientation=&#8221;right&#8221; max_width_tablet=&#8221;&#8221; max_width_phone=&#8221;80%&#8221; max_width_last_edited=&#8221;on|phone&#8221; module_alignment_tablet=&#8221;&#8221; module_alignment_phone=&#8221;right&#8221; module_alignment_last_edited=&#8221;on|phone&#8221; global_colors_info=&#8221;{}&#8221;]<\/p>\n<h2 class=\"estilosH-2\"><em>LOGISTISCHES WACHSTUM<\/em><\/h2>\n<p>Ende der 1990er Jahre wurden die Grundlagen f\u00fcr ein Logistiksystem geschaffen, das mit dem erwarteten starken Wachstum Schritt halten konnte. [\/et_pb_text][\/et_pb_column][et_pb_column type=&#8221;1_2&#8243; module_class=&#8221;margen-columnas-der&#8221; _builder_version=&#8221;4.23&#8243; _module_preset=&#8221;default&#8221; custom_padding=&#8221;20px||20px||true|false&#8221; custom_padding_tablet=&#8221;20px||20px||true|false&#8221; custom_padding_phone=&#8221;||||true|false&#8221; custom_padding_last_edited=&#8221;on|phone&#8221; global_colors_info=&#8221;{}&#8221;][et_pb_code raw_content_tablet=&#8221;&#8221; raw_content_phone=&#8221;<\/p>\n<div class=%22coloca-frase-bandera%22 style=%22padding-bottom:30px; padding-left:40px%22>\n<h3  class=%22estilosH-3%22  style=%22text-align:right%22>\n    <em>ER\u00d6FFNUNG EINER PRODUKTIONSANLAGE IN MEXIKO<\/em><br \/>\n  <\/h3>\n<p>  \u2002<br \/>\n  <img src=%22https:\/\/dev.bralo.com\/wp-content\/uploads\/2023\/07\/mexico.jpg%22 class=%22tamano-bandera%22>\n<\/div>\n<p>  &#8221; raw_content_last_edited=&#8221;on|phone&#8221; _builder_version=&#8221;4.27.2&#8243; _module_preset=&#8221;default&#8221; global_colors_info=&#8221;{}&#8221;]<\/p>\n<div class=\"coloca-frase-bandera\" style=\"padding-bottom:30px;\"><!-- [et_pb_line_break_holder] -->  <\/p>\n<h3  class=\"estilosH-3\"><!-- [et_pb_line_break_holder] -->    <em>ER\u00d6FFNUNG EINER PRODUKTIONSANLAGE IN MEXIKO<\/em><!-- [et_pb_line_break_holder] -->  <\/h3>\n<p><!-- [et_pb_line_break_holder] -->  \u2002<!-- [et_pb_line_break_holder] -->  <img decoding=\"async\" src=\"https:\/\/dev.bralo.com\/wp-content\/uploads\/2023\/07\/mexico.jpg\" class=\"tamano-bandera\"><!-- [et_pb_line_break_holder] --><\/div>\n<p>  [\/et_pb_code][et_pb_code raw_content_tablet=&#8221;&#8221; raw_content_phone=&#8221;<\/p>\n<div class=%22coloca-frase-bandera-invertida%22 style=%22padding-bottom:30px; padding-left:40px%22>\n    <img src=%22https:\/\/dev.bralo.com\/wp-content\/uploads\/2024\/01\/copa.jpg%22><br \/>\n  \u2002<\/p>\n<h3 class=%22estilosH-3%22 style=%22text-align:right%22>\n    <em>EXPORTPREIS VON ICEX VERLIEHEN<\/em><br \/>\n  <\/h3>\n<\/div>\n<p>&#8221; raw_content_last_edited=&#8221;on|phone&#8221; _builder_version=&#8221;4.27.2&#8243; _module_preset=&#8221;default&#8221; global_colors_info=&#8221;{}&#8221;]<\/p>\n<div class=\"coloca-frase-bandera\" style=\"padding-bottom:30px;\"><!-- [et_pb_line_break_holder] -->    <img decoding=\"async\" src=\"https:\/\/dev.bralo.com\/wp-content\/uploads\/2024\/01\/copa.jpg\"><!-- [et_pb_line_break_holder] -->  \u2002<!-- [et_pb_line_break_holder] -->  <\/p>\n<h3 class=\"estilosH-3\"><!-- [et_pb_line_break_holder] -->    <em>EXPORTPREIS VON ICEX VERLIEHEN<\/em><!-- [et_pb_line_break_holder] -->  <\/h3>\n<p><!-- [et_pb_line_break_holder] --><\/div>\n<p>[\/et_pb_code][et_pb_code raw_content_tablet=&#8221;&#8221; raw_content_phone=&#8221;<\/p>\n<div class=%22coloca-frase-bandera%22 style=%22padding-left:40px%22>\n<h3 class=%22estilosH-3%22 style=%22text-align:right%22>\n    <em>Die T\u00dcV Rheinland Group verleiht BRALO die Zertifizierung nach ISO 9002. <\/em><br \/>\n  <\/h3>\n<p>  <img src=%22https:\/\/dev.bralo.com\/wp-content\/uploads\/2023\/11\/iso.png%22 class=%22%22 height=auto width=%22100px%22><\/p>\n<\/div>\n<p>&#8221; raw_content_last_edited=&#8221;on|phone&#8221; _builder_version=&#8221;4.27.2&#8243; _module_preset=&#8221;default&#8221; global_colors_info=&#8221;{}&#8221;]<\/p>\n<div class=\"coloca-frase-bandera\"><!-- [et_pb_line_break_holder] -->  <\/p>\n<h3 class=\"estilosH-3\"><!-- [et_pb_line_break_holder] -->    <em>Die T\u00dcV Rheinland Group verleiht BRALO die Zertifizierung nach ISO 9002.<\/em><!-- [et_pb_line_break_holder] -->  <\/h3>\n<p><!-- [et_pb_line_break_holder] -->  <img decoding=\"async\" src=\"https:\/\/dev.bralo.com\/wp-content\/uploads\/2023\/11\/iso.png\" class=\"\" height=auto width=\"100px\"><!-- [et_pb_line_break_holder] -->  <!-- [et_pb_line_break_holder] --><\/div>\n<p>[\/et_pb_code][et_pb_text admin_label=&#8221;1996&#8243; module_class=&#8221;fecha&#8221; _builder_version=&#8221;4.23&#8243; _module_preset=&#8221;default&#8221; text_text_color=&#8221;#FFFFFF&#8221; text_font_size=&#8221;21px&#8221; text_line_height=&#8221;2.4em&#8221; background_color=&#8221;#006CA7&#8243; positioning=&#8221;relative&#8221; vertical_offset=&#8221;-223px&#8221; horizontal_offset=&#8221;-57%&#8221; z_index=&#8221;10&#8243; vertical_offset_tablet=&#8221;-20%&#8221; vertical_offset_phone=&#8221;-514px&#8221; vertical_offset_last_edited=&#8221;on|phone&#8221; text_orientation=&#8221;center&#8221; max_width=&#8221;70px&#8221; module_alignment=&#8221;center&#8221; height=&#8221;70px&#8221; custom_padding=&#8221;10px|10px|10px|10px|true|true&#8221; border_radii=&#8221;on|300px|300px|300px|300px&#8221; global_colors_info=&#8221;{}&#8221;]<\/p>\n<p>1996<\/p>\n<p>[\/et_pb_text][\/et_pb_column][\/et_pb_row][et_pb_row column_structure=&#8221;1_2,1_2&#8243; make_equal=&#8221;on&#8221; custom_padding_last_edited=&#8221;on|phone&#8221; admin_label=&#8221;1997&#8243; module_class=&#8221;borde-movil&#8221; _builder_version=&#8221;4.23&#8243; _module_preset=&#8221;default&#8221; width=&#8221;90%&#8221; max_width=&#8221;90%&#8221; custom_padding=&#8221;0px||0px||true|false&#8221; custom_padding_tablet=&#8221;0px||0px||true|false&#8221; custom_padding_phone=&#8221;0px||30px||false|false&#8221; global_colors_info=&#8221;{}&#8221;][et_pb_column type=&#8221;1_2&#8243; _builder_version=&#8221;4.23&#8243; _module_preset=&#8221;default&#8221; z_index=&#8221;10&#8243; custom_padding=&#8221;20px||20px||true|false&#8221; global_colors_info=&#8221;{}&#8221;][et_pb_text admin_label=&#8221;1997&#8243; module_class=&#8221;fecha&#8221; _builder_version=&#8221;4.23&#8243; _module_preset=&#8221;default&#8221; text_text_color=&#8221;#FFFFFF&#8221; text_font_size=&#8221;21px&#8221; text_line_height=&#8221;2.4em&#8221; background_color=&#8221;#006CA7&#8243; positioning=&#8221;relative&#8221; vertical_offset=&#8221;-30%&#8221; horizontal_offset=&#8221;50%&#8221; z_index=&#8221;10&#8243; vertical_offset_tablet=&#8221;-30%&#8221; vertical_offset_phone=&#8221;32px&#8221; vertical_offset_last_edited=&#8221;on|phone&#8221; text_orientation=&#8221;center&#8221; max_width=&#8221;70px&#8221; module_alignment=&#8221;center&#8221; height=&#8221;70px&#8221; custom_padding=&#8221;10px|10px|10px|10px|true|true&#8221; border_radii=&#8221;on|300px|300px|300px|300px&#8221; global_colors_info=&#8221;{}&#8221;]<\/p>\n<p>1997<\/p>\n<p>[\/et_pb_text][\/et_pb_column][et_pb_column type=&#8221;1_2&#8243; module_class=&#8221;coloca-frase-bandera margen-columnas-der&#8221; _builder_version=&#8221;4.23&#8243; _module_preset=&#8221;default&#8221; z_index=&#8221;0&#8243; custom_padding=&#8221;0px||20px||false|false&#8221; custom_padding_tablet=&#8221;0px||20px||false|false&#8221; custom_padding_phone=&#8221;0px||20px|35px|false|false&#8221; custom_padding_last_edited=&#8221;on|phone&#8221; global_colors_info=&#8221;{}&#8221;][et_pb_text content_tablet=&#8221;<\/p>\n<h3 class=%22estilosH-3%22><em>APERTURA BRALO REP\u00daBLICA CHECA <\/em><\/h3>\n<p>&#8221; content_phone=&#8221;<\/p>\n<h3 class=%22estilosH-3%22><em>ER\u00d6FFNUNG BRALO TSCHECHISCHE REPUBLIK<\/em><\/h3>\n<p>&#8221; content_last_edited=&#8221;on|phone&#8221; _builder_version=&#8221;4.27.2&#8243; _module_preset=&#8221;default&#8221; custom_padding_tablet=&#8221;&#8221; custom_padding_phone=&#8221;|10px|||false|false&#8221; custom_padding_last_edited=&#8221;on|phone&#8221; text_orientation_tablet=&#8221;&#8221; text_orientation_phone=&#8221;right&#8221; text_orientation_last_edited=&#8221;on|phone&#8221; global_colors_info=&#8221;{}&#8221;]<\/p>\n<h3 class=\"estilosH-3\"><em>ER\u00d6FFNUNG BRALO TSCHECHISCHE REPUBLIK<\/em><\/h3>\n<p>[\/et_pb_text][et_pb_image src=&#8221;https:\/\/dev.bralo.com\/wp-content\/uploads\/2023\/07\/republica-checa.jpg&#8221; title_text=&#8221;republica-checa&#8221; module_class=&#8221;tamano-bandera&#8221; _builder_version=&#8221;4.23&#8243; _module_preset=&#8221;default&#8221; max_width=&#8221;42px&#8221; max_height=&#8221;22px&#8221; global_colors_info=&#8221;{}&#8221;][\/et_pb_image][\/et_pb_column][\/et_pb_row][et_pb_row column_structure=&#8221;1_2,1_2&#8243; make_equal=&#8221;on&#8221; custom_padding_last_edited=&#8221;on|phone&#8221; admin_label=&#8221;1999&#8243; module_class=&#8221;borde-movil&#8221; _builder_version=&#8221;4.23&#8243; _module_preset=&#8221;default&#8221; width=&#8221;90%&#8221; max_width=&#8221;90%&#8221; custom_padding=&#8221;0px||0px||true|false&#8221; custom_padding_tablet=&#8221;0px||0px||true|false&#8221; custom_padding_phone=&#8221;30px||0px||false|false&#8221; global_colors_info=&#8221;{}&#8221;][et_pb_column type=&#8221;1_2&#8243; module_class=&#8221;margen-columnas-izq&#8221; _builder_version=&#8221;4.23&#8243; _module_preset=&#8221;default&#8221; custom_padding=&#8221;20px||20px||true|false&#8221; global_colors_info=&#8221;{}&#8221;][et_pb_image src=&#8221;https:\/\/dev.bralo.com\/wp-content\/uploads\/2023\/06\/espana-madrid-planta-de-produccion-bralo-remaches.jpg&#8221; _builder_version=&#8221;4.23&#8243; _module_preset=&#8221;default&#8221; custom_padding_tablet=&#8221;&#8221; custom_padding_phone=&#8221;|||35px|false|false&#8221; custom_padding_last_edited=&#8221;on|phone&#8221; global_colors_info=&#8221;{}&#8221;][\/et_pb_image][\/et_pb_column][et_pb_column type=&#8221;1_2&#8243; module_class=&#8221;margen-columnas-der&#8221; _builder_version=&#8221;4.23&#8243; _module_preset=&#8221;default&#8221; custom_padding=&#8221;20px||20px||true|false&#8221; global_colors_info=&#8221;{}&#8221;][et_pb_text _builder_version=&#8221;4.27.2&#8243; _module_preset=&#8221;default&#8221; custom_padding_tablet=&#8221;&#8221; custom_padding_phone=&#8221;|||35px|false|false&#8221; custom_padding_last_edited=&#8221;on|phone&#8221; text_orientation_tablet=&#8221;&#8221; text_orientation_phone=&#8221;right&#8221; text_orientation_last_edited=&#8221;on|phone&#8221; global_colors_info=&#8221;{}&#8221;]<span>Die Einrichtungen in Madrid werden erweitert. Die Arbeiten umfassen die Renovierung der urspr\u00fcnglichen Fabrik und den Bau einer neuen Lagerhalle. Neue Stanzanlagen, ein Waschbereich, ein moderner vollautomatischer Verpackungs-, Etikettier- und Palettierbereich, ein neues 5000 m2 gro\u00dfes Lager und ein Innovations- und Qualit\u00e4tskontrollzentrum. <\/span>[\/et_pb_text][et_pb_text admin_label=&#8221;1999&#8243; module_class=&#8221;fecha&#8221; _builder_version=&#8221;4.23&#8243; _module_preset=&#8221;default&#8221; text_text_color=&#8221;#FFFFFF&#8221; text_font_size=&#8221;21px&#8221; text_line_height=&#8221;2.4em&#8221; background_color=&#8221;#006CA7&#8243; positioning=&#8221;relative&#8221; vertical_offset=&#8221;-34%&#8221; horizontal_offset=&#8221;-57%&#8221; z_index=&#8221;10&#8243; vertical_offset_tablet=&#8221;-34%&#8221; vertical_offset_phone=&#8221;-551px&#8221; vertical_offset_last_edited=&#8221;on|phone&#8221; text_orientation=&#8221;center&#8221; max_width=&#8221;70px&#8221; module_alignment=&#8221;center&#8221; height=&#8221;70px&#8221; custom_padding=&#8221;10px|10px|10px|10px|true|true&#8221; border_radii=&#8221;on|300px|300px|300px|300px&#8221; global_colors_info=&#8221;{}&#8221;]<\/p>\n<p>1999<\/p>\n<p>[\/et_pb_text][\/et_pb_column][\/et_pb_row][et_pb_row column_structure=&#8221;1_2,1_2&#8243; custom_padding_last_edited=&#8221;on|phone&#8221; module_class=&#8221;borde-movil&#8221; _builder_version=&#8221;4.23&#8243; _module_preset=&#8221;default&#8221; width=&#8221;90%&#8221; max_width=&#8221;90%&#8221; custom_padding=&#8221;21px||0px||false|false&#8221; custom_padding_tablet=&#8221;21px||0px||false|false&#8221; custom_padding_phone=&#8221;21px||50px||false|false&#8221; global_colors_info=&#8221;{}&#8221;][et_pb_column type=&#8221;1_2&#8243; _builder_version=&#8221;4.23&#8243; _module_preset=&#8221;default&#8221; z_index=&#8221;10&#8243; global_colors_info=&#8221;{}&#8221;][et_pb_text admin_label=&#8221;2000&#8243; module_class=&#8221;fecha&#8221; _builder_version=&#8221;4.23&#8243; _module_preset=&#8221;default&#8221; text_text_color=&#8221;#FFFFFF&#8221; text_font_size=&#8221;21px&#8221; text_line_height=&#8221;2.4em&#8221; background_color=&#8221;#006CA7&#8243; positioning=&#8221;relative&#8221; vertical_offset=&#8221;-30px&#8221; horizontal_offset=&#8221;50%&#8221; z_index=&#8221;10&#8243; vertical_offset_tablet=&#8221;-30px&#8221; vertical_offset_phone=&#8221;72px&#8221; vertical_offset_last_edited=&#8221;on|phone&#8221; text_orientation=&#8221;center&#8221; max_width=&#8221;70px&#8221; module_alignment=&#8221;center&#8221; height=&#8221;70px&#8221; custom_padding=&#8221;10px|10px|10px|10px|true|true&#8221; border_radii=&#8221;on|300px|300px|300px|300px&#8221; global_colors_info=&#8221;{}&#8221;]<\/p>\n<p>2000<\/p>\n<p>[\/et_pb_text][\/et_pb_column][et_pb_column type=&#8221;1_2&#8243; module_class=&#8221;coloca-frase-bandera margen-columnas-der&#8221; _builder_version=&#8221;4.23&#8243; _module_preset=&#8221;default&#8221; z_index=&#8221;0&#8243; custom_padding=&#8221;||||false|false&#8221; custom_padding_tablet=&#8221;||||false|false&#8221; custom_padding_phone=&#8221;|||35px|false|false&#8221; custom_padding_last_edited=&#8221;on|phone&#8221; global_colors_info=&#8221;{}&#8221;][et_pb_text content_tablet=&#8221;<\/p>\n<h3 class=%22estilosH-3%22><em>APERTURA BRALO REINO UNIDO <\/em><\/h3>\n<p>&#8221; content_phone=&#8221;<\/p>\n<h3 class=%22estilosH-3%22><em>ER\u00d6FFNUNG BRALO VEREINIGTES K\u00d6NIGREICH<\/em><\/h3>\n<p>&#8221; content_last_edited=&#8221;on|phone&#8221; _builder_version=&#8221;4.27.2&#8243; _module_preset=&#8221;default&#8221; custom_padding_tablet=&#8221;&#8221; custom_padding_phone=&#8221;|10px|||false|false&#8221; custom_padding_last_edited=&#8221;on|phone&#8221; text_orientation_tablet=&#8221;&#8221; text_orientation_phone=&#8221;right&#8221; text_orientation_last_edited=&#8221;on|phone&#8221; global_colors_info=&#8221;{}&#8221;]<\/p>\n<h3 class=\"estilosH-3\"><em>ER\u00d6FFNUNG BRALO VEREINIGTES K\u00d6NIGREICH<\/em><\/h3>\n<p>[\/et_pb_text][et_pb_image src=&#8221;https:\/\/dev.bralo.com\/wp-content\/uploads\/2023\/07\/reino-unido.jpg&#8221; module_class=&#8221;tamano-bandera&#8221; _builder_version=&#8221;4.23&#8243; _module_preset=&#8221;default&#8221; max_width=&#8221;42px&#8221; max_height=&#8221;22px&#8221; global_colors_info=&#8221;{}&#8221;][\/et_pb_image][\/et_pb_column][\/et_pb_row][et_pb_row column_structure=&#8221;1_2,1_2&#8243; make_equal=&#8221;on&#8221; module_class=&#8221;borde-movil&#8221; _builder_version=&#8221;4.23&#8243; _module_preset=&#8221;default&#8221; width=&#8221;90%&#8221; max_width=&#8221;90%&#8221; custom_padding=&#8221;13px||0px||false|false&#8221; global_colors_info=&#8221;{}&#8221;][et_pb_column type=&#8221;1_2&#8243; module_class=&#8221;margen-columnas-izq&#8221; _builder_version=&#8221;4.23&#8243; _module_preset=&#8221;default&#8221; global_colors_info=&#8221;{}&#8221;][et_pb_text _builder_version=&#8221;4.27.2&#8243; _module_preset=&#8221;default&#8221; text_orientation=&#8221;right&#8221; custom_padding_tablet=&#8221;&#8221; custom_padding_phone=&#8221;|||35px|false|false&#8221; custom_padding_last_edited=&#8221;on|phone&#8221; global_colors_info=&#8221;{}&#8221;]<\/p>\n<h2 class=\"estilosH-2\"><em>ZERTIFIZIERUNGEN<\/em><\/h2>\n<p>Mit dem Beginn des neuen Jahrtausends wurde die Expansion der BRALO Group noch bedeutender. Im Zeitraum 2001-2004 verzeichnete BRALO ein starkes, \u00fcber dem Branchendurchschnitt liegendes Wachstum, das auf ein differenziertes Gesch\u00e4ftsmodell und eine st\u00e4rkere Pr\u00e4senz auf den internationalen M\u00e4rkten zur\u00fcckzuf\u00fchren ist, unterst\u00fctzt durch die Gr\u00fcndung neuer Niederlassungen.[\/et_pb_text][\/et_pb_column][et_pb_column type=&#8221;1_2&#8243; module_class=&#8221;margen-columnas-der&#8221; _builder_version=&#8221;4.23&#8243; _module_preset=&#8221;default&#8221; global_colors_info=&#8221;{}&#8221;][et_pb_text _builder_version=&#8221;4.27.2&#8243; _module_preset=&#8221;default&#8221; custom_padding=&#8221;0px||||false|false&#8221; custom_padding_tablet=&#8221;0px||||false|false&#8221; custom_padding_phone=&#8221;0px|||35px|false|false&#8221; custom_padding_last_edited=&#8221;on|phone&#8221; global_colors_info=&#8221;{}&#8221;]<\/p>\n<h3 class=\"estilosH-3\"><em>ZERTIFIKAT DER AUTOMOBILINDUSTRIE \u2013 2000<\/em><\/h3>\n<p>[\/et_pb_text][et_pb_code raw_content_tablet=&#8221;&#8221; raw_content_phone=&#8221;<\/p>\n<div class=%22coloca-frase-bandera%22 style=%22padding-left:35px%22>\n<h3 class=%22estilosH-3%22>\n    <em>BRALO erh\u00e4lt neue VDA Zertifizierung<\/em><br \/>\n  <\/h3>\n<p>      <img src=%22https:\/\/dev.bralo.com\/wp-content\/uploads\/2023\/11\/vda.png%22 class=%22tamano-para-logo%22>\n<\/div>\n<p>&#8221; raw_content_last_edited=&#8221;on|phone&#8221; _builder_version=&#8221;4.27.2&#8243; _module_preset=&#8221;default&#8221; global_colors_info=&#8221;{}&#8221;]<\/p>\n<div class=\"coloca-frase-bandera \"><!-- [et_pb_line_break_holder] -->  <\/p>\n<h3 class=\"estilosH-3\"><!-- [et_pb_line_break_holder] -->    <em>BRALO erh\u00e4lt neue VDA Zertifizierung<\/em><!-- [et_pb_line_break_holder] -->  <\/h3>\n<p><!-- [et_pb_line_break_holder] -->      <img decoding=\"async\" src=\"https:\/\/dev.bralo.com\/wp-content\/uploads\/2023\/11\/vda.png\" class=\"tamano-para-logo\"><!-- [et_pb_line_break_holder] --><\/div>\n<p>[\/et_pb_code][et_pb_text admin_label=&#8221;2001&#8243; module_class=&#8221;fecha&#8221; _builder_version=&#8221;4.23&#8243; _module_preset=&#8221;default&#8221; text_text_color=&#8221;#FFFFFF&#8221; text_font_size=&#8221;21px&#8221; text_line_height=&#8221;2.4em&#8221; background_color=&#8221;#006CA7&#8243; positioning=&#8221;relative&#8221; vertical_offset=&#8221;-73%&#8221; horizontal_offset=&#8221;-57%&#8221; z_index=&#8221;10&#8243; vertical_offset_tablet=&#8221;-73%&#8221; vertical_offset_phone=&#8221;-530px&#8221; vertical_offset_last_edited=&#8221;on|phone&#8221; text_orientation=&#8221;center&#8221; max_width=&#8221;70px&#8221; module_alignment=&#8221;center&#8221; height=&#8221;70px&#8221; custom_padding=&#8221;10px|10px|10px|10px|true|true&#8221; border_radii=&#8221;on|300px|300px|300px|300px&#8221; global_colors_info=&#8221;{}&#8221;]<\/p>\n<p>2001<\/p>\n<p>[\/et_pb_text][\/et_pb_column][\/et_pb_row][et_pb_row column_structure=&#8221;1_2,1_2&#8243; make_equal=&#8221;on&#8221; custom_padding_last_edited=&#8221;on|phone&#8221; admin_label=&#8221;2002&#8243; module_class=&#8221;borde-movil&#8221; _builder_version=&#8221;4.23&#8243; _module_preset=&#8221;default&#8221; width=&#8221;90%&#8221; max_width=&#8221;90%&#8221; custom_padding=&#8221;0px||0px||true|false&#8221; custom_padding_tablet=&#8221;0px||0px||true|false&#8221; custom_padding_phone=&#8221;0px||50px||false|false&#8221; global_colors_info=&#8221;{}&#8221;][et_pb_column type=&#8221;1_2&#8243; _builder_version=&#8221;4.23&#8243; _module_preset=&#8221;default&#8221; z_index=&#8221;10&#8243; global_colors_info=&#8221;{}&#8221;][et_pb_text admin_label=&#8221;2002&#8243; module_class=&#8221;fecha&#8221; _builder_version=&#8221;4.23&#8243; _module_preset=&#8221;default&#8221; text_text_color=&#8221;#FFFFFF&#8221; text_font_size=&#8221;21px&#8221; text_line_height=&#8221;2.4em&#8221; background_color=&#8221;#006CA7&#8243; positioning=&#8221;relative&#8221; vertical_offset=&#8221;-19px&#8221; horizontal_offset=&#8221;50.2%&#8221; z_index=&#8221;10&#8243; vertical_offset_tablet=&#8221;-19px&#8221; vertical_offset_phone=&#8221;7px&#8221; vertical_offset_last_edited=&#8221;on|phone&#8221; text_orientation=&#8221;center&#8221; max_width=&#8221;70px&#8221; module_alignment=&#8221;center&#8221; height=&#8221;70px&#8221; custom_padding=&#8221;10px|10px|10px|10px|true|true&#8221; border_radii=&#8221;on|300px|300px|300px|300px&#8221; global_colors_info=&#8221;{}&#8221;]<\/p>\n<p>2002<\/p>\n<p>[\/et_pb_text][\/et_pb_column][et_pb_column type=&#8221;1_2&#8243; module_class=&#8221;coloca-frase-bandera margen-columnas-der&#8221; _builder_version=&#8221;4.23&#8243; _module_preset=&#8221;default&#8221; custom_padding_tablet=&#8221;&#8221; custom_padding_phone=&#8221;|||35px|false|false&#8221; custom_padding_last_edited=&#8221;on|phone&#8221; global_colors_info=&#8221;{}&#8221;][et_pb_text content_tablet=&#8221;<\/p>\n<h3 class=%22estilosH-3%22><em>APERTURA BRALO ALEMANIA <\/em><\/h3>\n<p>&#8221; content_phone=&#8221;<\/p>\n<h3 class=%22estilosH-3%22><em>ER\u00d6FFNUNG BRALO DEUTSCHLAND<\/em><\/h3>\n<p>&#8221; content_last_edited=&#8221;on|phone&#8221; _builder_version=&#8221;4.27.2&#8243; _module_preset=&#8221;default&#8221; custom_padding_tablet=&#8221;&#8221; custom_padding_phone=&#8221;|10px|||false|false&#8221; custom_padding_last_edited=&#8221;on|phone&#8221; text_orientation_tablet=&#8221;&#8221; text_orientation_phone=&#8221;right&#8221; text_orientation_last_edited=&#8221;on|phone&#8221; global_colors_info=&#8221;{}&#8221;]<\/p>\n<h3 class=\"estilosH-3\"><em>ER\u00d6FFNUNG BRALO DEUTSCHLAND<\/em><\/h3>\n<p>[\/et_pb_text][et_pb_image src=&#8221;https:\/\/dev.bralo.com\/wp-content\/uploads\/2023\/07\/alemania.jpg&#8221; module_class=&#8221;tamano-bandera&#8221; _builder_version=&#8221;4.23&#8243; _module_preset=&#8221;default&#8221; width=&#8221;42px&#8221; max_width=&#8221;42px&#8221; max_height=&#8221;22px&#8221; global_colors_info=&#8221;{}&#8221;][\/et_pb_image][\/et_pb_column][\/et_pb_row][et_pb_row column_structure=&#8221;1_2,1_2&#8243; make_equal=&#8221;on&#8221; custom_padding_last_edited=&#8221;on|phone&#8221; admin_label=&#8221;2003&#8243; module_class=&#8221;borde-movil  &#8221; _builder_version=&#8221;4.23&#8243; _module_preset=&#8221;default&#8221; vertical_offset_tablet=&#8221;&#8221; vertical_offset_phone=&#8221;&#8221; vertical_offset_last_edited=&#8221;on|phone&#8221; horizontal_offset_tablet=&#8221;&#8221; horizontal_offset_phone=&#8221;&#8221; horizontal_offset_last_edited=&#8221;on|phone&#8221; width=&#8221;90%&#8221; max_width=&#8221;90%&#8221; custom_padding=&#8221;0px||0px||true|false&#8221; custom_padding_tablet=&#8221;0px||0px||true|false&#8221; custom_padding_phone=&#8221;||50px||false|false&#8221; global_colors_info=&#8221;{}&#8221;][et_pb_column type=&#8221;1_2&#8243; module_class=&#8221;coloca-frase-bandera margen-columnas-izq&#8221; _builder_version=&#8221;4.23&#8243; _module_preset=&#8221;default&#8221; z_index=&#8221;10&#8243; horizontal_offset_tablet=&#8221;163px&#8221; horizontal_offset_phone=&#8221;0px&#8221; horizontal_offset_last_edited=&#8221;on|phone&#8221; global_colors_info=&#8221;{}&#8221;][et_pb_image src=&#8221;https:\/\/dev.bralo.com\/wp-content\/uploads\/2023\/11\/iso2.png&#8221; align=&#8221;right&#8221; module_class=&#8221;logo-arreglo-ensanche&#8221; _builder_version=&#8221;4.23&#8243; _module_preset=&#8221;default&#8221; global_colors_info=&#8221;{}&#8221;][\/et_pb_image][et_pb_text _builder_version=&#8221;4.27.2&#8243; _module_preset=&#8221;default&#8221; text_orientation=&#8221;right&#8221; global_colors_info=&#8221;{}&#8221;]<\/p>\n<h3 class=\"estilosH-3\"><em >ISO TS 16949 ZERTIFIZIERUNG AUTOMOBILINDUSTRIE<\/em><\/h3>\n<p>[\/et_pb_text][\/et_pb_column][et_pb_column type=&#8221;1_2&#8243; module_class=&#8221;margen-columnas-der reajuste-version-movil-rheinland&#8221; _builder_version=&#8221;4.23&#8243; _module_preset=&#8221;default&#8221; custom_padding_tablet=&#8221;&#8221; custom_padding_phone=&#8221;||||false|false&#8221; custom_padding_last_edited=&#8221;on|phone&#8221; global_colors_info=&#8221;{}&#8221;][et_pb_code raw_content_tablet=&#8221;&#8221; raw_content_phone=&#8221;<\/p>\n<div class=%22coloca-frase-bandera %22>\n<h3 class=%22h3-modif%22 >\n    <em>Die T\u00dcV Rheinland Group verleiht BRALO die Zertifizierung nach ISO 9001. <\/em><br \/>\n  <\/h3>\n<p>      <img class=%22logo-arreglo-ensanche%22 src=%22https:\/\/dev.bralo.com\/wp-content\/uploads\/2023\/11\/iso3.png%22>\n<\/div>\n<p>&#8221; raw_content_last_edited=&#8221;on|phone&#8221; _builder_version=&#8221;4.27.2&#8243; _module_preset=&#8221;default&#8221; global_colors_info=&#8221;{}&#8221;]<\/p>\n<div class=\"coloca-frase-bandera \"><!-- [et_pb_line_break_holder] -->  <\/p>\n<h3 class=\"estilosH-3\" ><!-- [et_pb_line_break_holder] -->    <em>Die T\u00dcV Rheinland Group verleiht BRALO die Zertifizierung nach ISO 9001. <\/em><!-- [et_pb_line_break_holder] -->  <\/h3>\n<p><!-- [et_pb_line_break_holder] -->      <img decoding=\"async\" class=\"logo-arreglo-ensanche\" src=\"https:\/\/dev.bralo.com\/wp-content\/uploads\/2023\/11\/iso3.png\" ><!-- [et_pb_line_break_holder] --><\/div>\n<p>[\/et_pb_code][et_pb_text admin_label=&#8221;2003&#8243; module_class=&#8221;fecha-2&#8243; _builder_version=&#8221;4.23&#8243; _module_preset=&#8221;default&#8221; text_text_color=&#8221;#FFFFFF&#8221; text_font_size=&#8221;21px&#8221; text_line_height=&#8221;2.4em&#8221; background_color=&#8221;#006CA7&#8243; positioning=&#8221;relative&#8221; vertical_offset=&#8221;20px&#8221; horizontal_offset=&#8221;-100.7%&#8221; z_index=&#8221;10&#8243; vertical_offset_tablet=&#8221;20px&#8221; vertical_offset_phone=&#8221;-99px&#8221; vertical_offset_last_edited=&#8221;on|desktop&#8221; horizontal_offset_tablet=&#8221;-102.7%&#8221; horizontal_offset_phone=&#8221;-342px&#8221; horizontal_offset_last_edited=&#8221;on|phone&#8221; text_orientation=&#8221;center&#8221; max_width=&#8221;70px&#8221; module_alignment=&#8221;center&#8221; height=&#8221;70px&#8221; custom_padding=&#8221;10px|10px|10px|10px|true|true&#8221; border_radii=&#8221;on|300px|300px|300px|300px&#8221; global_colors_info=&#8221;{}&#8221;]<\/p>\n<p>2003<\/p>\n<p>[\/et_pb_text][\/et_pb_column][\/et_pb_row][et_pb_row column_structure=&#8221;1_2,1_2&#8243; admin_label=&#8221;2004&#8243; module_class=&#8221;borde-movil&#8221; _builder_version=&#8221;4.23&#8243; _module_preset=&#8221;default&#8221; width=&#8221;90%&#8221; max_width=&#8221;90%&#8221; custom_padding=&#8221;0px||0px||true|false&#8221; global_colors_info=&#8221;{}&#8221;][et_pb_column type=&#8221;1_2&#8243; _builder_version=&#8221;4.23&#8243; _module_preset=&#8221;default&#8221; global_colors_info=&#8221;{}&#8221;][\/et_pb_column][et_pb_column type=&#8221;1_2&#8243; module_class=&#8221;margen-columnas-der&#8221; _builder_version=&#8221;4.23&#8243; _module_preset=&#8221;default&#8221; global_colors_info=&#8221;{}&#8221;][et_pb_code raw_content_tablet=&#8221;&#8221; raw_content_phone=&#8221;<\/p>\n<div class=%22coloca-frase-bandera%22 style=%22padding-bottom:50px; padding-left:50px%22>\n<h3 class=%22estilosH-3%22 style=%22text-align:right%22>\n    <em>ER\u00d6FFNUNG BRALO ITALIEN<\/em><br \/>\n  <\/h3>\n<p>  \u2002<br \/>\n  <img src=%22https:\/\/dev.bralo.com\/wp-content\/uploads\/2023\/07\/italia.jpg%22 class=%22tamano-bandera%22><\/p>\n<\/div>\n<p>&#8221; raw_content_last_edited=&#8221;on|phone&#8221; _builder_version=&#8221;4.27.2&#8243; _module_preset=&#8221;default&#8221; global_colors_info=&#8221;{}&#8221;]<\/p>\n<div class=\"coloca-frase-bandera\" style=\"padding-bottom:50px;\"><!-- [et_pb_line_break_holder] -->  <\/p>\n<h3 class=\"estilosH-3\"><!-- [et_pb_line_break_holder] -->    <em>ER\u00d6FFNUNG BRALO ITALIEN<\/em><!-- [et_pb_line_break_holder] -->  <\/h3>\n<p><!-- [et_pb_line_break_holder] -->  \u2002<!-- [et_pb_line_break_holder] -->  <img decoding=\"async\" src=\"https:\/\/dev.bralo.com\/wp-content\/uploads\/2023\/07\/italia.jpg\" class=\"tamano-bandera\"><!-- [et_pb_line_break_holder] -->  <!-- [et_pb_line_break_holder] --><\/div>\n<p>[\/et_pb_code][et_pb_code raw_content_tablet=&#8221;&#8221; raw_content_phone=&#8221;<\/p>\n<div class=%22coloca-frase-bandera%22 style=%22padding-bottom:50px; padding-left:40px%22>\n<h3 class=%22estilosH-3%22 style=%22text-align:right%22>\n    <em>ER\u00d6FFNUNG BRALO T\u00dcRKEI<\/em><br \/>\n  <\/h3>\n<p>  \u2002<br \/>\n  <img src=%22https:\/\/dev.bralo.com\/wp-content\/uploads\/2023\/07\/turquia.jpg%22 class=%22tamano-bandera%22><\/p>\n<\/div>\n<p>&#8221; raw_content_last_edited=&#8221;on|phone&#8221; _builder_version=&#8221;4.27.2&#8243; _module_preset=&#8221;default&#8221; global_colors_info=&#8221;{}&#8221;]<\/p>\n<div class=\"coloca-frase-bandera\" style=\"padding-bottom:50px;\"><!-- [et_pb_line_break_holder] -->  <\/p>\n<h3 class=\"estilosH-3\"><!-- [et_pb_line_break_holder] -->    <em>ER\u00d6FFNUNG BRALO T\u00dcRKEI<\/em><!-- [et_pb_line_break_holder] -->  <\/h3>\n<p><!-- [et_pb_line_break_holder] -->  \u2002<!-- [et_pb_line_break_holder] -->  <img decoding=\"async\" src=\"https:\/\/dev.bralo.com\/wp-content\/uploads\/2023\/07\/turquia.jpg\" class=\"tamano-bandera\"><!-- [et_pb_line_break_holder] -->  <!-- [et_pb_line_break_holder] --><\/div>\n<p>[\/et_pb_code][et_pb_code raw_content_tablet=&#8221;&#8221; raw_content_phone=&#8221;<\/p>\n<div class=%22coloca-frase-bandera-invertida%22 style=%22padding-bottom:30px; padding-left:40px%22>\n    <img src=%22https:\/\/dev.bralo.com\/wp-content\/uploads\/2024\/01\/copa.jpg%22><br \/>\n  \u2002<\/p>\n<h3 class=%22estilosH-3%22 style=%22text-align:right%22>\n    <em>CEDINOX AWARD<\/em><br \/>\n  <\/h3>\n<\/div>\n<p>&#8221; raw_content_last_edited=&#8221;on|phone&#8221; _builder_version=&#8221;4.27.2&#8243; _module_preset=&#8221;default&#8221; global_colors_info=&#8221;{}&#8221;]<\/p>\n<div class=\"coloca-frase-bandera\" style=\"padding-bottom:30px;\"><!-- [et_pb_line_break_holder] -->    <img decoding=\"async\" src=\"https:\/\/dev.bralo.com\/wp-content\/uploads\/2024\/01\/copa.jpg\"><!-- [et_pb_line_break_holder] -->  \u2002<!-- [et_pb_line_break_holder] -->  <\/p>\n<h3 class=\"estilosH-3\"><!-- [et_pb_line_break_holder] -->    <em>CEDINOX AWARD<\/em><!-- [et_pb_line_break_holder] -->  <\/h3>\n<p><!-- [et_pb_line_break_holder] --><\/div>\n<p>[\/et_pb_code][et_pb_text admin_label=&#8221;2004&#8243; module_class=&#8221;fecha&#8221; _builder_version=&#8221;4.23&#8243; _module_preset=&#8221;default&#8221; text_text_color=&#8221;#FFFFFF&#8221; text_font_size=&#8221;21px&#8221; text_line_height=&#8221;2.4em&#8221; background_color=&#8221;#006CA7&#8243; positioning=&#8221;relative&#8221; vertical_offset=&#8221;-243px&#8221; horizontal_offset=&#8221;-57%&#8221; z_index=&#8221;10&#8243; vertical_offset_tablet=&#8221;-199px&#8221; vertical_offset_phone=&#8221;-281px&#8221; vertical_offset_last_edited=&#8221;on|phone&#8221; text_orientation=&#8221;center&#8221; max_width=&#8221;70px&#8221; module_alignment=&#8221;center&#8221; height=&#8221;70px&#8221; custom_padding=&#8221;10px|10px|10px|10px|true|true&#8221; border_radii=&#8221;on|300px|300px|300px|300px&#8221; global_colors_info=&#8221;{}&#8221;]<\/p>\n<p>2004<\/p>\n<p>[\/et_pb_text][\/et_pb_column][\/et_pb_row][et_pb_row column_structure=&#8221;1_2,1_2&#8243; custom_padding_last_edited=&#8221;on|phone&#8221; admin_label=&#8221;2007&#8243; module_class=&#8221;borde-movil&#8221; _builder_version=&#8221;4.23&#8243; _module_preset=&#8221;default&#8221; width=&#8221;90%&#8221; max_width=&#8221;90%&#8221; custom_padding=&#8221;0px||0px||true|false&#8221; custom_padding_tablet=&#8221;0px||0px||true|false&#8221; custom_padding_phone=&#8221;0px||50px||false|false&#8221; global_colors_info=&#8221;{}&#8221;][et_pb_column type=&#8221;1_2&#8243; _builder_version=&#8221;4.23&#8243; _module_preset=&#8221;default&#8221; z_index=&#8221;10&#8243; global_colors_info=&#8221;{}&#8221;][et_pb_text admin_label=&#8221;2007&#8243; module_class=&#8221;fecha&#8221; _builder_version=&#8221;4.23&#8243; _module_preset=&#8221;default&#8221; text_text_color=&#8221;#FFFFFF&#8221; text_font_size=&#8221;21px&#8221; text_line_height=&#8221;2.4em&#8221; background_color=&#8221;#006CA7&#8243; positioning=&#8221;relative&#8221; vertical_offset=&#8221;-20px&#8221; horizontal_offset=&#8221;50.2%&#8221; z_index=&#8221;10&#8243; vertical_offset_tablet=&#8221;-20px&#8221; vertical_offset_phone=&#8221;80px&#8221; vertical_offset_last_edited=&#8221;on|phone&#8221; text_orientation=&#8221;center&#8221; max_width=&#8221;70px&#8221; module_alignment=&#8221;center&#8221; height=&#8221;70px&#8221; custom_padding=&#8221;10px|10px|10px|10px|true|true&#8221; border_radii=&#8221;on|300px|300px|300px|300px&#8221; global_colors_info=&#8221;{}&#8221;]<\/p>\n<p>2007<\/p>\n<p>[\/et_pb_text][\/et_pb_column][et_pb_column type=&#8221;1_2&#8243; module_class=&#8221;coloca-frase-bandera margen-columnas-der&#8221; _builder_version=&#8221;4.23&#8243; _module_preset=&#8221;default&#8221; custom_padding_tablet=&#8221;&#8221; custom_padding_phone=&#8221;|||35px|false|false&#8221; custom_padding_last_edited=&#8221;on|phone&#8221; global_colors_info=&#8221;{}&#8221;][et_pb_text content_tablet=&#8221;<\/p>\n<h3 class=%22estilosH-3%22><em>APERTURA PLANTA PRODUCTIVA EN CHINA <\/em><\/h3>\n<p>&#8221; content_phone=&#8221;<\/p>\n<h3 class=%22estilosH-3%22><em>ER\u00d6FFNUNG EINER PRODUKTIONSANLAGE IN CHINA<\/em><\/h3>\n<p>&#8221; content_last_edited=&#8221;on|phone&#8221; _builder_version=&#8221;4.27.2&#8243; _module_preset=&#8221;default&#8221; custom_padding_tablet=&#8221;&#8221; custom_padding_phone=&#8221;|10px|||false|false&#8221; custom_padding_last_edited=&#8221;on|phone&#8221; text_orientation_tablet=&#8221;&#8221; text_orientation_phone=&#8221;right&#8221; text_orientation_last_edited=&#8221;on|phone&#8221; global_colors_info=&#8221;{}&#8221;]<\/p>\n<h3 class=\"estilosH-3\"><em>ER\u00d6FFNUNG EINER PRODUKTIONSANLAGE IN CHINA<\/em><\/h3>\n<p>[\/et_pb_text][et_pb_image src=&#8221;https:\/\/dev.bralo.com\/wp-content\/uploads\/2023\/07\/china.jpg&#8221; module_class=&#8221;tamano-bandera&#8221; _builder_version=&#8221;4.23&#8243; _module_preset=&#8221;default&#8221; width=&#8221;42px&#8221; max_width=&#8221;42px&#8221; height=&#8221;22px&#8221; global_colors_info=&#8221;{}&#8221;][\/et_pb_image][\/et_pb_column][\/et_pb_row][et_pb_row column_structure=&#8221;1_2,1_2&#8243; admin_label=&#8221;2010&#8243; module_class=&#8221;borde-movil&#8221; _builder_version=&#8221;4.23&#8243; _module_preset=&#8221;default&#8221; width=&#8221;90%&#8221; max_width=&#8221;90%&#8221; custom_padding=&#8221;14px||0px||false|false&#8221; global_colors_info=&#8221;{}&#8221;][et_pb_column type=&#8221;1_2&#8243; module_class=&#8221;margen-columnas-izq&#8221; _builder_version=&#8221;4.23&#8243; _module_preset=&#8221;default&#8221; global_colors_info=&#8221;{}&#8221;][et_pb_text _builder_version=&#8221;4.27.2&#8243; _module_preset=&#8221;default&#8221; text_orientation=&#8221;right&#8221; global_colors_info=&#8221;{}&#8221;]<\/p>\n<h2 class=\"estilosH-2\"><em>INTERNATIONALE KONSOLIDIERUNG<\/em><\/h2>\n<p>[\/et_pb_text][\/et_pb_column][et_pb_column type=&#8221;1_2&#8243; module_class=&#8221;margen-columnas-der&#8221; _builder_version=&#8221;4.23&#8243; _module_preset=&#8221;default&#8221; global_colors_info=&#8221;{}&#8221;][et_pb_text _builder_version=&#8221;4.27.2&#8243; _module_preset=&#8221;default&#8221; text_orientation_tablet=&#8221;&#8221; text_orientation_phone=&#8221;right&#8221; text_orientation_last_edited=&#8221;on|phone&#8221; global_colors_info=&#8221;{}&#8221;]<\/p>\n<h2 class=\"estilosH-2\"><em>25 Jahre BRALO<\/em><\/h2>\n<p>[\/et_pb_text][et_pb_text admin_label=&#8221;2010&#8243; module_class=&#8221;fecha&#8221; _builder_version=&#8221;4.23&#8243; _module_preset=&#8221;default&#8221; text_text_color=&#8221;#FFFFFF&#8221; text_font_size=&#8221;21px&#8221; text_line_height=&#8221;2.4em&#8221; background_color=&#8221;#006CA7&#8243; positioning=&#8221;relative&#8221; vertical_offset=&#8221;-51px&#8221; horizontal_offset=&#8221;-57%&#8221; z_index=&#8221;10&#8243; vertical_offset_tablet=&#8221;-51px&#8221; vertical_offset_phone=&#8221;-121px&#8221; vertical_offset_last_edited=&#8221;on|phone&#8221; text_orientation=&#8221;center&#8221; max_width=&#8221;70px&#8221; module_alignment=&#8221;center&#8221; height=&#8221;70px&#8221; custom_padding=&#8221;10px|10px|10px|10px|true|true&#8221; border_radii=&#8221;on|300px|300px|300px|300px&#8221; global_colors_info=&#8221;{}&#8221;]<\/p>\n<p>2010<\/p>\n<p>[\/et_pb_text][\/et_pb_column][\/et_pb_row][et_pb_row column_structure=&#8221;1_2,1_2&#8243; make_equal=&#8221;on&#8221; custom_padding_last_edited=&#8221;on|phone&#8221; admin_label=&#8221;2016&#8243; module_class=&#8221;borde-movil&#8221; _builder_version=&#8221;4.23&#8243; _module_preset=&#8221;default&#8221; width=&#8221;90%&#8221; max_width=&#8221;90%&#8221; custom_padding=&#8221;0px||0px||true|false&#8221; custom_padding_tablet=&#8221;0px||0px||true|false&#8221; custom_padding_phone=&#8221;0px||0px||true|false&#8221; global_colors_info=&#8221;{}&#8221;][et_pb_column type=&#8221;1_2&#8243; module_class=&#8221;margen-columnas-izq&#8221; _builder_version=&#8221;4.23&#8243; _module_preset=&#8221;default&#8221; z_index=&#8221;10&#8243; custom_padding=&#8221;||0px||false|false&#8221; custom_padding_tablet=&#8221;||0px||false|false&#8221; custom_padding_phone=&#8221;||0px||false|false&#8221; custom_padding_last_edited=&#8221;on|phone&#8221; global_colors_info=&#8221;{}&#8221;][et_pb_text _builder_version=&#8221;4.27.2&#8243; _module_preset=&#8221;default&#8221; text_orientation=&#8221;right&#8221; custom_padding_tablet=&#8221;&#8221; custom_padding_phone=&#8221;||0px|35px|false|false&#8221; custom_padding_last_edited=&#8221;on|phone&#8221; global_colors_info=&#8221;{}&#8221;]<\/p>\n<h2 class=\"estilosH-2\"><em>UMWELTENGAGEMENT<\/em><\/h2>\n<p>BRALO verwaltet alle seine Aktivit\u00e4ten aktiv, sowohl bei der Nutzung von Ressourcen und dem Recycling von Materialien, als auch beim Umweltmanagement seiner Produktionsprozesse.[\/et_pb_text][et_pb_text admin_label=&#8221;2016&#8243; module_class=&#8221;fecha&#8221; _builder_version=&#8221;4.23&#8243; _module_preset=&#8221;default&#8221; text_text_color=&#8221;#FFFFFF&#8221; text_font_size=&#8221;21px&#8221; text_line_height=&#8221;2.4em&#8221; background_color=&#8221;#006CA7&#8243; positioning=&#8221;relative&#8221; vertical_offset=&#8221;-69%&#8221; horizontal_offset=&#8221;56.6%&#8221; z_index=&#8221;10&#8243; vertical_offset_tablet=&#8221;-69%&#8221; vertical_offset_phone=&#8221;-230px&#8221; vertical_offset_last_edited=&#8221;on|phone&#8221; text_orientation=&#8221;center&#8221; max_width=&#8221;70px&#8221; module_alignment=&#8221;center&#8221; height=&#8221;70px&#8221; custom_padding=&#8221;10px|10px|10px|10px|true|true&#8221; border_radii=&#8221;on|300px|300px|300px|300px&#8221; global_colors_info=&#8221;{}&#8221;]<\/p>\n<p>2016<\/p>\n<p>[\/et_pb_text][\/et_pb_column][et_pb_column type=&#8221;1_2&#8243; module_class=&#8221;coloca-frase-bandera margen-columnas-der&#8221; _builder_version=&#8221;4.23&#8243; _module_preset=&#8221;default&#8221; custom_padding_tablet=&#8221;&#8221; custom_padding_phone=&#8221;|||25px|false|false&#8221; custom_padding_last_edited=&#8221;on|phone&#8221; global_colors_info=&#8221;{}&#8221;][et_pb_text _builder_version=&#8221;4.27.2&#8243; _module_preset=&#8221;default&#8221; text_orientation_tablet=&#8221;&#8221; text_orientation_phone=&#8221;right&#8221; text_orientation_last_edited=&#8221;on|phone&#8221; global_colors_info=&#8221;{}&#8221;]<\/p>\n<h3 class=\"estilosH-3\"><em>UMWELTZERTIFIKAT<\/em><\/h3>\n<p>[\/et_pb_text][et_pb_image src=&#8221;https:\/\/dev.bralo.com\/wp-content\/uploads\/2023\/11\/verde.png&#8221; module_class=&#8221;logo-arreglo-ensanche&#8221; _builder_version=&#8221;4.23&#8243; _module_preset=&#8221;default&#8221; max_width_tablet=&#8221;&#8221; max_width_phone=&#8221;100px&#8221; max_width_last_edited=&#8221;on|phone&#8221; global_colors_info=&#8221;{}&#8221;][\/et_pb_image][\/et_pb_column][\/et_pb_row][et_pb_row column_structure=&#8221;1_2,1_2&#8243; custom_padding_last_edited=&#8221;on|phone&#8221; admin_label=&#8221;2017&#8243; module_class=&#8221;borde-movil&#8221; _builder_version=&#8221;4.23&#8243; _module_preset=&#8221;default&#8221; z_index=&#8221;10&#8243; width=&#8221;90%&#8221; max_width=&#8221;90%&#8221; custom_padding=&#8221;0px||0px||true|false&#8221; custom_padding_tablet=&#8221;0px||0px||true|false&#8221; custom_padding_phone=&#8221;0px||50px||false|false&#8221; global_colors_info=&#8221;{}&#8221;][et_pb_column type=&#8221;1_2&#8243; _builder_version=&#8221;4.23&#8243; _module_preset=&#8221;default&#8221; z_index=&#8221;10&#8243; global_colors_info=&#8221;{}&#8221;][et_pb_text admin_label=&#8221;2017&#8243; module_class=&#8221;fecha&#8221; _builder_version=&#8221;4.23&#8243; _module_preset=&#8221;default&#8221; text_text_color=&#8221;#FFFFFF&#8221; text_font_size=&#8221;21px&#8221; text_line_height=&#8221;2.4em&#8221; background_color=&#8221;#006CA7&#8243; positioning=&#8221;relative&#8221; vertical_offset=&#8221;-15px&#8221; horizontal_offset=&#8221;50.2%&#8221; z_index=&#8221;10&#8243; vertical_offset_tablet=&#8221;-15px&#8221; vertical_offset_phone=&#8221;83px&#8221; vertical_offset_last_edited=&#8221;on|phone&#8221; text_orientation=&#8221;center&#8221; max_width=&#8221;70px&#8221; module_alignment=&#8221;center&#8221; height=&#8221;70px&#8221; custom_padding=&#8221;10px|10px|10px|10px|true|true&#8221; border_radii=&#8221;on|300px|300px|300px|300px&#8221; global_colors_info=&#8221;{}&#8221;]<\/p>\n<p>2017<\/p>\n<p>[\/et_pb_text][\/et_pb_column][et_pb_column type=&#8221;1_2&#8243; module_class=&#8221;coloca-frase-bandera margen-columnas-der&#8221; _builder_version=&#8221;4.23&#8243; _module_preset=&#8221;default&#8221; custom_padding_tablet=&#8221;&#8221; custom_padding_phone=&#8221;|||50px|false|false&#8221; custom_padding_last_edited=&#8221;on|phone&#8221; global_colors_info=&#8221;{}&#8221;][et_pb_icon font_icon=&#8221;&#xf091;||fa||900&#8243; icon_width=&#8221;35px&#8221; align_tablet=&#8221;&#8221; align_phone=&#8221;right&#8221; align_last_edited=&#8221;on|phone&#8221; _builder_version=&#8221;4.23&#8243; _module_preset=&#8221;default&#8221; custom_padding=&#8221;|5px|||false|false&#8221; global_colors_info=&#8221;{}&#8221;][\/et_pb_icon][et_pb_text _builder_version=&#8221;4.27.2&#8243; _module_preset=&#8221;default&#8221; custom_padding_tablet=&#8221;&#8221; custom_padding_phone=&#8221;|10px|||false|false&#8221; custom_padding_last_edited=&#8221;on|phone&#8221; text_orientation_tablet=&#8221;&#8221; text_orientation_phone=&#8221;right&#8221; text_orientation_last_edited=&#8221;on|phone&#8221; global_colors_info=&#8221;{}&#8221;]<\/p>\n<h3 class=\"estilosH-3\"><em>GOLD STAR AWARD F\u00dcR HERAUSRAGENDE PROFESSIONELLE LEISTUNGEN<\/em><\/h3>\n<p>[\/et_pb_text][\/et_pb_column][\/et_pb_row][et_pb_row column_structure=&#8221;1_2,1_2&#8243; make_equal=&#8221;on&#8221; admin_label=&#8221;2019&#8243; module_class=&#8221;borde-movil&#8221; _builder_version=&#8221;4.23&#8243; _module_preset=&#8221;default&#8221; width=&#8221;90%&#8221; max_width=&#8221;90%&#8221; custom_padding=&#8221;0px||0px||true|false&#8221; global_colors_info=&#8221;{}&#8221;][et_pb_column type=&#8221;1_2&#8243; module_class=&#8221;margen-columnas-izq&#8221; _builder_version=&#8221;4.23&#8243; _module_preset=&#8221;default&#8221; custom_padding=&#8221;||||false|false&#8221; custom_padding_tablet=&#8221;||||false|false&#8221; custom_padding_phone=&#8221;|||40px|false|false&#8221; custom_padding_last_edited=&#8221;on|phone&#8221; global_colors_info=&#8221;{}&#8221;][et_pb_text _builder_version=&#8221;4.27.2&#8243; _module_preset=&#8221;default&#8221; text_orientation=&#8221;right&#8221; global_colors_info=&#8221;{}&#8221;]<\/p>\n<h2 class=\"estilosH-2\"><em>PROFESSIONALISIERUNG DES UNTERNEHMENS<\/em><\/h2>\n<p>[\/et_pb_text][et_pb_image src=&#8221;https:\/\/dev.bralo.com\/wp-content\/uploads\/2023\/06\/nueva-direccion-general-historia-remaches-bralo.jpg&#8221; align=&#8221;right&#8221; _builder_version=&#8221;4.23&#8243; _module_preset=&#8221;default&#8221; global_colors_info=&#8221;{}&#8221;][\/et_pb_image][\/et_pb_column][et_pb_column type=&#8221;1_2&#8243; module_class=&#8221;margen-columnas-der&#8221; _builder_version=&#8221;4.23&#8243; _module_preset=&#8221;default&#8221; z_index=&#8221;10&#8243; global_colors_info=&#8221;{}&#8221;][et_pb_text admin_label=&#8221;2019&#8243; module_class=&#8221;fecha&#8221; _builder_version=&#8221;4.23&#8243; _module_preset=&#8221;default&#8221; text_text_color=&#8221;#FFFFFF&#8221; text_font_size=&#8221;21px&#8221; text_line_height=&#8221;2.4em&#8221; background_color=&#8221;#006CA7&#8243; positioning=&#8221;relative&#8221; vertical_offset=&#8221;-3%&#8221; horizontal_offset=&#8221;-57%&#8221; z_index=&#8221;10&#8243; vertical_offset_tablet=&#8221;-3%&#8221; vertical_offset_phone=&#8221;-280px&#8221; vertical_offset_last_edited=&#8221;on|phone&#8221; text_orientation=&#8221;center&#8221; max_width=&#8221;70px&#8221; module_alignment=&#8221;center&#8221; height=&#8221;70px&#8221; custom_padding=&#8221;10px|10px|10px|10px|true|true&#8221; border_radii=&#8221;on|300px|300px|300px|300px&#8221; global_colors_info=&#8221;{}&#8221;]<\/p>\n<p>2019<\/p>\n<p>[\/et_pb_text][\/et_pb_column][\/et_pb_row][et_pb_row column_structure=&#8221;1_2,1_2&#8243; admin_label=&#8221;2021&#8243; module_class=&#8221;borde-movil&#8221; _builder_version=&#8221;4.23&#8243; _module_preset=&#8221;default&#8221; width=&#8221;90%&#8221; max_width=&#8221;90%&#8221; custom_padding=&#8221;0px||0px||true|false&#8221; global_colors_info=&#8221;{}&#8221;][et_pb_column type=&#8221;1_2&#8243; _builder_version=&#8221;4.23&#8243; _module_preset=&#8221;default&#8221; z_index=&#8221;10&#8243; global_colors_info=&#8221;{}&#8221;][et_pb_text admin_label=&#8221;2021&#8243; module_class=&#8221;fecha&#8221; _builder_version=&#8221;4.23&#8243; _module_preset=&#8221;default&#8221; text_text_color=&#8221;#FFFFFF&#8221; text_font_size=&#8221;21px&#8221; text_line_height=&#8221;2.4em&#8221; background_color=&#8221;#006CA7&#8243; positioning=&#8221;relative&#8221; vertical_offset=&#8221;-10px&#8221; horizontal_offset=&#8221;50.2%&#8221; z_index=&#8221;10&#8243; vertical_offset_tablet=&#8221;-10px&#8221; vertical_offset_phone=&#8221;23px&#8221; vertical_offset_last_edited=&#8221;on|phone&#8221; text_orientation=&#8221;center&#8221; max_width=&#8221;70px&#8221; module_alignment=&#8221;center&#8221; height=&#8221;70px&#8221; custom_padding=&#8221;10px|10px|10px|10px|true|true&#8221; border_radii=&#8221;on|300px|300px|300px|300px&#8221; global_colors_info=&#8221;{}&#8221;]<\/p>\n<p>2021<\/p>\n<p>[\/et_pb_text][\/et_pb_column][et_pb_column type=&#8221;1_2&#8243; module_class=&#8221;coloca-frase-bandera margen-columnas-der&#8221; _builder_version=&#8221;4.23&#8243; _module_preset=&#8221;default&#8221; custom_padding_tablet=&#8221;&#8221; custom_padding_phone=&#8221;|||50px|false|false&#8221; custom_padding_last_edited=&#8221;on|phone&#8221; global_colors_info=&#8221;{}&#8221;][et_pb_icon font_icon=&#8221;&#xf091;||fa||900&#8243; icon_width=&#8221;35px&#8221; align_tablet=&#8221;&#8221; align_phone=&#8221;right&#8221; align_last_edited=&#8221;on|phone&#8221; _builder_version=&#8221;4.23&#8243; _module_preset=&#8221;default&#8221; custom_padding=&#8221;|5px|||false|false&#8221; global_colors_info=&#8221;{}&#8221;][\/et_pb_icon][et_pb_text _builder_version=&#8221;4.27.2&#8243; _module_preset=&#8221;default&#8221; text_orientation=&#8221;right&#8221; global_colors_info=&#8221;{}&#8221;]<\/p>\n<h3 class=\"estilosH-3\"><em>AUSZEICHNUNG ALS GOLDLIEFERANT F\u00dcR \u00dcBERRAGENDE LEISTUNGEN IM BEREICH QUALIT\u00c4T<\/em><\/h3>\n<p>[\/et_pb_text][\/et_pb_column][\/et_pb_row][et_pb_row column_structure=&#8221;1_2,1_2&#8243; custom_padding_last_edited=&#8221;on|phone&#8221; admin_label=&#8221;2023&#8243; module_class=&#8221;borde-movil&#8221; _builder_version=&#8221;4.23&#8243; _module_preset=&#8221;default&#8221; width=&#8221;90%&#8221; max_width=&#8221;90%&#8221; custom_padding=&#8221;0px||0px||true|false&#8221; custom_padding_tablet=&#8221;0px||0px||true|false&#8221; custom_padding_phone=&#8221;0px||50px||false|false&#8221; global_colors_info=&#8221;{}&#8221;][et_pb_column type=&#8221;1_2&#8243; _builder_version=&#8221;4.23&#8243; _module_preset=&#8221;default&#8221; z_index=&#8221;10&#8243; global_colors_info=&#8221;{}&#8221;][et_pb_text admin_label=&#8221;2023&#8243; module_class=&#8221;fecha&#8221; _builder_version=&#8221;4.23&#8243; _module_preset=&#8221;default&#8221; text_text_color=&#8221;#FFFFFF&#8221; text_font_size=&#8221;21px&#8221; text_line_height=&#8221;2.4em&#8221; background_color=&#8221;#006CA7&#8243; positioning=&#8221;relative&#8221; vertical_offset=&#8221;-10px&#8221; horizontal_offset=&#8221;50.2%&#8221; z_index=&#8221;10&#8243; vertical_offset_tablet=&#8221;-10px&#8221; vertical_offset_phone=&#8221;85px&#8221; vertical_offset_last_edited=&#8221;on|phone&#8221; text_orientation=&#8221;center&#8221; max_width=&#8221;70px&#8221; module_alignment=&#8221;center&#8221; height=&#8221;70px&#8221; custom_padding=&#8221;10px|10px|10px|10px|true|true&#8221; border_radii=&#8221;on|300px|300px|300px|300px&#8221; global_colors_info=&#8221;{}&#8221;]<\/p>\n<p>2023<\/p>\n<p>[\/et_pb_text][\/et_pb_column][et_pb_column type=&#8221;1_2&#8243; module_class=&#8221;coloca-frase-bandera margen-columnas-der&#8221; _builder_version=&#8221;4.23&#8243; _module_preset=&#8221;default&#8221; custom_padding_tablet=&#8221;&#8221; custom_padding_phone=&#8221;|||50px|false|false&#8221; custom_padding_last_edited=&#8221;on|phone&#8221; global_colors_info=&#8221;{}&#8221;][et_pb_icon font_icon=&#8221;&#xf091;||fa||900&#8243; icon_width=&#8221;35px&#8221; align_tablet=&#8221;&#8221; align_phone=&#8221;right&#8221; align_last_edited=&#8221;on|phone&#8221; _builder_version=&#8221;4.23&#8243; _module_preset=&#8221;default&#8221; custom_padding=&#8221;|5px|||false|false&#8221; global_colors_info=&#8221;{}&#8221;][\/et_pb_icon][et_pb_text _builder_version=&#8221;4.27.2&#8243; _module_preset=&#8221;default&#8221; text_orientation_tablet=&#8221;&#8221; text_orientation_phone=&#8221;right&#8221; text_orientation_last_edited=&#8221;on|phone&#8221; global_colors_info=&#8221;{}&#8221;]<\/p>\n<h3 class=\"estilosH-3\"><em>FINALIST DES INNOVATIONSPREISES F\u00dcR VERBINDUNGSELEMENTE 2023<\/em><\/h3>\n<p>[\/et_pb_text][\/et_pb_column][\/et_pb_row][et_pb_row column_structure=&#8221;1_2,1_2&#8243; make_equal=&#8221;on&#8221; admin_label=&#8221;2024&#8243; module_class=&#8221;borde-movil&#8221; _builder_version=&#8221;4.23&#8243; _module_preset=&#8221;default&#8221; width=&#8221;90%&#8221; max_width=&#8221;90%&#8221; custom_padding=&#8221;12px||||false|false&#8221; global_colors_info=&#8221;{}&#8221;][et_pb_column type=&#8221;1_2&#8243; module_class=&#8221;margen-columnas-izq&#8221; _builder_version=&#8221;4.23&#8243; _module_preset=&#8221;default&#8221; global_colors_info=&#8221;{}&#8221;][et_pb_text _builder_version=&#8221;4.27.2&#8243; _module_preset=&#8221;default&#8221; text_orientation=&#8221;right&#8221; custom_padding_tablet=&#8221;&#8221; custom_padding_phone=&#8221;|||35px|false|false&#8221; custom_padding_last_edited=&#8221;on|phone&#8221; global_colors_info=&#8221;{}&#8221;]<\/p>\n<h2 class=\"estilosH-2\"><em>VERPFLICHTUNG GEGEN\u00dcBER DEM KUNDEN<\/em><\/h2>\n<p>HEUTE UND F\u00dcR IMMER<\/p>\n<p>Heute ist BRALO ein Technologieunternehmen, das innovative Befestigungsl\u00f6sungen im Baugewerbe, in der Automobilindustrie, im Bereich der erneuerbaren Energien und bei Haushaltsger\u00e4ten einsetzt.<br \/>\nBRALO schafft f\u00fcr seine Kunden einen langfristigen Wert durch ein Management, das sich durch die F\u00f6rderung von Innovation, sozialer Verantwortung, Strenge und Engagement auszeichnet.[\/et_pb_text][\/et_pb_column][et_pb_column type=&#8221;1_2&#8243; module_class=&#8221;margen-columnas-der&#8221; _builder_version=&#8221;4.23&#8243; _module_preset=&#8221;default&#8221; global_colors_info=&#8221;{}&#8221;][et_pb_text admin_label=&#8221;2024&#8243; module_class=&#8221;fecha&#8221; _builder_version=&#8221;4.23&#8243; _module_preset=&#8221;default&#8221; text_text_color=&#8221;#FFFFFF&#8221; text_font_size=&#8221;21px&#8221; text_line_height=&#8221;2.4em&#8221; background_color=&#8221;#006CA7&#8243; positioning=&#8221;relative&#8221; vertical_offset=&#8221;-9%&#8221; horizontal_offset=&#8221;-57%&#8221; z_index=&#8221;10&#8243; vertical_offset_tablet=&#8221;-9%&#8221; vertical_offset_phone=&#8221;-480px&#8221; vertical_offset_last_edited=&#8221;on|phone&#8221; text_orientation=&#8221;center&#8221; max_width=&#8221;70px&#8221; module_alignment=&#8221;center&#8221; height=&#8221;70px&#8221; custom_padding=&#8221;10px|10px|10px|10px|true|true&#8221; border_radii=&#8221;on|300px|300px|300px|300px&#8221; global_colors_info=&#8221;{}&#8221;]<\/p>\n<p>2024<\/p>\n<p>[\/et_pb_text][\/et_pb_column][\/et_pb_row][\/et_pb_section][et_pb_section fb_built=&#8221;1&#8243; _builder_version=&#8221;4.20.4&#8243; _module_preset=&#8221;default&#8221; background_color=&#8221;#006CA7&#8243; da_disable_devices=&#8221;off|off|off&#8221; global_colors_info=&#8221;{}&#8221; da_is_popup=&#8221;off&#8221; da_exit_intent=&#8221;off&#8221; da_has_close=&#8221;on&#8221; da_alt_close=&#8221;off&#8221; da_dark_close=&#8221;off&#8221; da_not_modal=&#8221;on&#8221; da_is_singular=&#8221;off&#8221; da_with_loader=&#8221;off&#8221; da_has_shadow=&#8221;on&#8221;][et_pb_row _builder_version=&#8221;4.20.4&#8243; _module_preset=&#8221;default&#8221; global_colors_info=&#8221;{}&#8221;][et_pb_column type=&#8221;4_4&#8243; _builder_version=&#8221;4.20.4&#8243; _module_preset=&#8221;default&#8221; global_colors_info=&#8221;{}&#8221;][et_pb_text _builder_version=&#8221;4.27.2&#8243; _module_preset=&#8221;default&#8221; header_text_align=&#8221;center&#8221; header_2_font=&#8221;|600|||||||&#8221; header_2_text_align=&#8221;center&#8221; header_2_text_color=&#8221;#FFFFFF&#8221; header_2_font_size=&#8221;42px&#8221; text_orientation=&#8221;center&#8221; global_colors_info=&#8221;{}&#8221;]<\/p>\n<h2>KONTAKTIEREN SIE UNS<\/h2>\n<p>&nbsp;[\/et_pb_text][et_pb_button button_url=&#8221;https:\/\/dev.bralo.com\/de\/kontakt\/&#8221; button_text=&#8221;Gehen Sie zu Kontakt&#8221; button_alignment=&#8221;center&#8221; _builder_version=&#8221;4.27.2&#8243; _module_preset=&#8221;default&#8221; custom_button=&#8221;on&#8221; button_text_color=&#8221;#006CA7&#8243; button_bg_color=&#8221;#FFFFFF&#8221; hover_enabled=&#8221;0&#8243; global_colors_info=&#8221;{}&#8221; sticky_enabled=&#8221;0&#8243;][\/et_pb_button][\/et_pb_column][\/et_pb_row][\/et_pb_section][et_pb_section fb_built=&#8221;1&#8243; _builder_version=&#8221;4.23&#8243; _module_preset=&#8221;default&#8221; da_disable_devices=&#8221;off|off|off&#8221; locked=&#8221;off&#8221; global_colors_info=&#8221;{}&#8221; da_is_popup=&#8221;off&#8221; da_exit_intent=&#8221;off&#8221; da_has_close=&#8221;on&#8221; da_alt_close=&#8221;off&#8221; da_dark_close=&#8221;off&#8221; da_not_modal=&#8221;on&#8221; da_is_singular=&#8221;off&#8221; da_with_loader=&#8221;off&#8221; da_has_shadow=&#8221;on&#8221;][et_pb_row _builder_version=&#8221;4.23&#8243; _module_preset=&#8221;default&#8221; global_colors_info=&#8221;{}&#8221;][et_pb_column type=&#8221;4_4&#8243; _builder_version=&#8221;4.23&#8243; _module_preset=&#8221;default&#8221; global_colors_info=&#8221;{}&#8221;][et_pb_text _builder_version=&#8221;4.27.2&#8243; _module_preset=&#8221;default&#8221; header_2_text_color=&#8221;#006CA7&#8243; header_2_font_size=&#8221;32px&#8221; locked=&#8221;off&#8221; global_colors_info=&#8221;{}&#8221;]<\/p>\n<h2><span data-metadata=\"&lt;!--(figmeta)eyJmaWxlS2V5IjoiVEc1d2lNVW55c2RqZGpac29wSHQ2dyIsInBhc3RlSUQiOjIxMzIzMzI4MzksImRhdGFUeXBlIjoic2NlbmUifQo=(\/figmeta)--&gt;\"><\/span><span>VERBUNDENE <strong>SEITEN<\/strong><\/span><\/h2>\n<p>[\/et_pb_text][\/et_pb_column][\/et_pb_row][et_pb_row column_structure=&#8221;1_3,1_3,1_3&#8243; use_custom_gutter=&#8221;on&#8221; gutter_width=&#8221;1&#8243; _builder_version=&#8221;4.21.0&#8243; _module_preset=&#8221;default&#8221; width=&#8221;90%&#8221; custom_margin=&#8221;||||false|false&#8221; locked=&#8221;off&#8221; global_colors_info=&#8221;{}&#8221;][et_pb_column type=&#8221;1_3&#8243; _builder_version=&#8221;4.21.0&#8243; _module_preset=&#8221;default&#8221; global_colors_info=&#8221;{}&#8221;][et_pb_blurb title=&#8221;GEGENW\u00c4RTIG&#8221; url=&#8221;https:\/\/dev.bralo.com\/de\/nachricht\/&#8221; image=&#8221;https:\/\/dev.bralo.com\/wp-content\/uploads\/2023\/10\/quienes-somos-relacionados-remaches-bralo.jpg&#8221; image_icon_width=&#8221;92%&#8221; module_class=&#8221;alinear-horizontalmente&#8221; _builder_version=&#8221;4.27.2&#8243; _module_preset=&#8221;default&#8221; header_text_align=&#8221;center&#8221; header_text_color=&#8221;#006CA7&#8243; image_icon_custom_margin=&#8221;|10px|-10px|10px|false|true&#8221; image_icon_custom_padding=&#8221;||||true|false&#8221; custom_margin=&#8221;17px||50px||false|false&#8221; animation=&#8221;off&#8221; hover_enabled=&#8221;0&#8243; custom_css_main_element=&#8221;display: inline-block!important;&#8221; border_color_all=&#8221;#006CA7&#8243; border_width_all_image=&#8221;1px&#8221; border_color_all_image=&#8221;#006CA7&#8243; locked=&#8221;off&#8221; global_colors_info=&#8221;{}&#8221; sticky_enabled=&#8221;0&#8243;][\/et_pb_blurb][\/et_pb_column][et_pb_column type=&#8221;1_3&#8243; _builder_version=&#8221;4.21.0&#8243; _module_preset=&#8221;default&#8221; custom_padding=&#8221;||||false|false&#8221; global_colors_info=&#8221;{}&#8221;][\/et_pb_column][et_pb_column type=&#8221;1_3&#8243; _builder_version=&#8221;4.21.0&#8243; _module_preset=&#8221;default&#8221; custom_padding=&#8221;|0px|||false|false&#8221; global_colors_info=&#8221;{}&#8221;][\/et_pb_column][\/et_pb_row][\/et_pb_section]<\/p>\n","protected":false},"excerpt":{"rendered":"<p>GESCHICHTEFUNDAMENT Basilio L\u00f3pez Bravo, Pr\u00e4sident und Gr\u00fcnder der BRALO Group, begann seine berufliche Laufbahn mit der Vermarktung von Nieten und Nietmaschinen.1979EXPANSION BRALO hat seinen Expansionsprozess auf nationaler Ebene vorangetrieben. Konsolidierung der T\u00e4tigkeit des Unternehmens als Marktf\u00fchrer. 1980INTERNATIONALISIERUNGMitte der 1980er Jahre begann die kommerzielle Expansion nach Frankreich, Portugal, Belgien, Schweden und \u00d6sterreich und leitete damit eine [&hellip;]<\/p>\n","protected":false},"author":1,"featured_media":0,"parent":24284,"menu_order":0,"comment_status":"closed","ping_status":"closed","template":"","meta":{"_acf_changed":false,"_et_pb_use_builder":"on","_et_pb_old_content":"","_et_gb_content_width":"","rank_math_lock_modified_date":false,"inline_featured_image":false,"footnotes":""},"class_list":["post-24264","page","type-page","status-publish","hentry"],"acf":[],"_links":{"self":[{"href":"https:\/\/dev.bralo.com\/de\/wp-json\/wp\/v2\/pages\/24264","targetHints":{"allow":["GET"]}}],"collection":[{"href":"https:\/\/dev.bralo.com\/de\/wp-json\/wp\/v2\/pages"}],"about":[{"href":"https:\/\/dev.bralo.com\/de\/wp-json\/wp\/v2\/types\/page"}],"author":[{"embeddable":true,"href":"https:\/\/dev.bralo.com\/de\/wp-json\/wp\/v2\/users\/1"}],"replies":[{"embeddable":true,"href":"https:\/\/dev.bralo.com\/de\/wp-json\/wp\/v2\/comments?post=24264"}],"version-history":[{"count":5,"href":"https:\/\/dev.bralo.com\/de\/wp-json\/wp\/v2\/pages\/24264\/revisions"}],"predecessor-version":[{"id":24940,"href":"https:\/\/dev.bralo.com\/de\/wp-json\/wp\/v2\/pages\/24264\/revisions\/24940"}],"up":[{"embeddable":true,"href":"https:\/\/dev.bralo.com\/de\/wp-json\/wp\/v2\/pages\/24284"}],"wp:attachment":[{"href":"https:\/\/dev.bralo.com\/de\/wp-json\/wp\/v2\/media?parent=24264"}],"curies":[{"name":"wp","href":"https:\/\/api.w.org\/{rel}","templated":true}]}}